{"id":67,"date":"2024-12-26T22:41:56","date_gmt":"2024-12-26T21:41:56","guid":{"rendered":"https:\/\/2025.latetedansleweb.org\/wordpress\/?page_id=67"},"modified":"2025-02-03T13:07:10","modified_gmt":"2025-02-03T12:07:10","slug":"accueil","status":"publish","type":"page","link":"https:\/\/2025.latetedansleweb.org\/","title":{"rendered":"Accueil"},"content":{"rendered":"\n<div class=\"wp-block-group alignfull banniere-accueil has-palette-color-11-background-color has-background is-content-justification-left is-layout-constrained wp-container-core-group-is-layout-2 wp-block-group-is-layout-constrained\" style=\"padding-right:0;padding-left:0\">\n<div class=\"wp-block-group alignfull titre-accueil is-layout-constrained wp-block-group-is-layout-constrained\">\n<h1 class=\"wp-block-heading alignfull\" style=\"font-size:clamp(33.419px, 2.089rem + ((1vw - 3.2px) * 2.077), 60px);\">La t\u00eate dans le Web<\/h1>\n\n\n\n<p style=\"font-size:clamp(16.293px, 1.018rem + ((1vw - 3.2px) * 0.68), 25px);\">Bienvenue sur le webzine de la promo Master GECI 2024\/2025 !<\/p>\n<\/div>\n<\/div>\n\n\n\n<div class=\"wp-block-media-text has-media-on-the-right is-stacked-on-mobile\" style=\"margin-top:var(--wp--preset--spacing--80);margin-right:0px;margin-bottom:var(--wp--preset--spacing--70);margin-left:0px;padding-top:0;padding-right:0px;padding-left:0px;grid-template-columns:auto 40%\"><div class=\"wp-block-media-text__content\">\n<h2 class=\"wp-block-heading\">Le Master GECI<\/h2>\n\n\n\n<p style=\"margin-right:0px;margin-left:0px;padding-right:0px;padding-left:0px\">Le Master GECI (Gestion Editoriale, Communication Internet) est une formation de l\u2019Universit\u00e9 Lumi\u00e8re Lyon 2 qui allie comp\u00e9tences techniques et ma\u00eetrise de la communication. Con\u00e7u pour r\u00e9pondre aux exigences du monde professionnel, il forme des profils capables d\u2019\u00e9voluer dans des environnements vari\u00e9s et multidisciplinaires. Gr\u00e2ce \u00e0 une approche pluridisciplinaire, nous avons d\u00e9velopp\u00e9 une expertise en gestion de projet, strat\u00e9gie \u00e9ditoriale et int\u00e9gration web, tout en int\u00e9grant les enjeux d\u2019accessibilit\u00e9 et de communication responsable. D\u00e9couvrez notre programme, nos valeurs&nbsp;et&nbsp;d\u00e9bouch\u00e9s.<\/p>\n\n\n\n<p><a href=\"https:\/\/2025.latetedansleweb.org\/index.php\/presentation-du-master-geci\/\" data-type=\"page\" data-id=\"24\">Voir plus<\/a><\/p>\n<\/div><figure class=\"wp-block-media-text__media\"><img loading=\"lazy\" decoding=\"async\" width=\"1024\" height=\"474\" src=\"http:\/\/2025.latetedansleweb.org\/wp-content\/uploads\/2025\/01\/personne-ordi-2-1024x474.png\" alt=\"\" class=\"wp-image-3181 size-full\" srcset=\"https:\/\/2025.latetedansleweb.org\/wp-content\/uploads\/2025\/01\/personne-ordi-2-1024x474.png 1024w, https:\/\/2025.latetedansleweb.org\/wp-content\/uploads\/2025\/01\/personne-ordi-2-300x139.png 300w, https:\/\/2025.latetedansleweb.org\/wp-content\/uploads\/2025\/01\/personne-ordi-2-768x356.png 768w, https:\/\/2025.latetedansleweb.org\/wp-content\/uploads\/2025\/01\/personne-ordi-2-1536x711.png 1536w, https:\/\/2025.latetedansleweb.org\/wp-content\/uploads\/2025\/01\/personne-ordi-2-2048x948.png 2048w\" sizes=\"auto, (max-width: 1024px) 100vw, 1024px\" \/><\/figure><\/div>\n\n\n\n<div class=\"wp-block-media-text is-stacked-on-mobile\" style=\"margin-left:0;padding-left:0;grid-template-columns:30% auto\"><figure class=\"wp-block-media-text__media\"><img loading=\"lazy\" decoding=\"async\" width=\"1024\" height=\"851\" src=\"https:\/\/2025.latetedansleweb.org\/wp-content\/uploads\/2025\/01\/WhatsApp-Image-2025-01-31-a-10.43.11_23a83c19-1024x851.jpg\" alt=\"\" class=\"wp-image-3210 size-full\" srcset=\"https:\/\/2025.latetedansleweb.org\/wp-content\/uploads\/2025\/01\/WhatsApp-Image-2025-01-31-a-10.43.11_23a83c19-1024x851.jpg 1024w, https:\/\/2025.latetedansleweb.org\/wp-content\/uploads\/2025\/01\/WhatsApp-Image-2025-01-31-a-10.43.11_23a83c19-300x249.jpg 300w, https:\/\/2025.latetedansleweb.org\/wp-content\/uploads\/2025\/01\/WhatsApp-Image-2025-01-31-a-10.43.11_23a83c19-768x638.jpg 768w, https:\/\/2025.latetedansleweb.org\/wp-content\/uploads\/2025\/01\/WhatsApp-Image-2025-01-31-a-10.43.11_23a83c19-1536x1277.jpg 1536w, https:\/\/2025.latetedansleweb.org\/wp-content\/uploads\/2025\/01\/WhatsApp-Image-2025-01-31-a-10.43.11_23a83c19.jpg 1600w\" sizes=\"auto, (max-width: 1024px) 100vw, 1024px\" \/><\/figure><div class=\"wp-block-media-text__content\">\n<h2 class=\"wp-block-heading\">Nous recruter<\/h2>\n\n\n\n<p>Vous \u00eates \u00e0 la recherche de talents polyvalent.e.s, alliant expertise technique et savoir-faire communicationnel ? Nous sommes pr\u00eat.e.s \u00e0 relever les d\u00e9fis et \u00e0 int\u00e9grer vos \u00e9quipes. Que ce soit pour un stage, ou un emploi, d\u00e9couvrez nos profils&nbsp;et&nbsp;comp\u00e9tences.<\/p>\n\n\n\n<p><a href=\"https:\/\/2025.latetedansleweb.org\/index.php\/nos-profils\/\" data-type=\"page\" data-id=\"34\">Voir plus<\/a><\/p>\n<\/div><\/div>\n\n\n\n<p><\/p>\n\n\n\n<h3 class=\"wp-block-heading lien\">Nos derni\u00e8res cr\u00e9ations<\/h3>\n\n\n\n<div class=\"wp-block-columns alignfull are-vertically-aligned-center has-palette-color-2-background-color has-background is-layout-flex wp-container-core-columns-is-layout-1 wp-block-columns-is-layout-flex\" style=\"border-radius:0px;margin-bottom:0\">\n<div class=\"wp-block-column is-vertically-aligned-center is-layout-flow wp-block-column-is-layout-flow\" style=\"flex-basis:100%\">\n<div class=\"wp-block-cb-carousel accueildiapos\" data-slick=\"{&quot;slidesToShow&quot;:3,&quot;slidesToScroll&quot;:1,&quot;speed&quot;:300,&quot;arrows&quot;:true,&quot;dots&quot;:true,&quot;autoplay&quot;:true,&quot;autoplaySpeed&quot;:3000,&quot;infinite&quot;:true,&quot;rtl&quot;:false,&quot;responsive&quot;:[{&quot;breakpoint&quot;:784,&quot;settings&quot;:{&quot;slidesToShow&quot;:1,&quot;slidesToScroll&quot;:1}}]}\">\n<div class=\"wp-block-cb-slide\">\n<figure class=\"wp-block-image alignwide size-full\"><img loading=\"lazy\" decoding=\"async\" width=\"450\" height=\"300\" src=\"https:\/\/2025.latetedansleweb.org\/wp-content\/uploads\/2025\/01\/ARTICLE-DE-BLOG.png\" alt=\"\" class=\"wp-image-3236\" srcset=\"https:\/\/2025.latetedansleweb.org\/wp-content\/uploads\/2025\/01\/ARTICLE-DE-BLOG.png 450w, https:\/\/2025.latetedansleweb.org\/wp-content\/uploads\/2025\/01\/ARTICLE-DE-BLOG-300x200.png 300w\" sizes=\"auto, (max-width: 450px) 100vw, 450px\" \/><figcaption class=\"wp-element-caption\"><a href=\"https:\/\/laurinebuellet.my.canva.site\/portfolio\">Portfolio de Laurine Buellet<\/a><\/figcaption><\/figure>\n<\/div>\n\n\n\n<div class=\"wp-block-cb-slide\">\n<figure class=\"wp-block-image size-full selection-carrousel-title\"><img loading=\"lazy\" decoding=\"async\" width=\"450\" height=\"300\" src=\"http:\/\/2025.latetedansleweb.org\/wp-content\/uploads\/2025\/02\/Nouveau-projet.png\" alt=\"\" class=\"wp-image-3245\" srcset=\"https:\/\/2025.latetedansleweb.org\/wp-content\/uploads\/2025\/02\/Nouveau-projet.png 450w, https:\/\/2025.latetedansleweb.org\/wp-content\/uploads\/2025\/02\/Nouveau-projet-300x200.png 300w\" sizes=\"auto, (max-width: 450px) 100vw, 450px\" \/><figcaption class=\"wp-element-caption\"><a href=\"https:\/\/www.youtube.com\/@IMatshew\">Portfolio de Matthew Lallou\u00e9<\/a><\/figcaption><\/figure>\n<\/div>\n\n\n\n<div class=\"wp-block-cb-slide\">\n<figure class=\"wp-block-image size-full\"><img loading=\"lazy\" decoding=\"async\" width=\"450\" height=\"300\" src=\"https:\/\/2025.latetedansleweb.org\/wp-content\/uploads\/2025\/02\/WhatsApp-Image-2025-02-01-a-20.40.09_1451dcd8.jpg\" alt=\"\" class=\"wp-image-3256\" srcset=\"https:\/\/2025.latetedansleweb.org\/wp-content\/uploads\/2025\/02\/WhatsApp-Image-2025-02-01-a-20.40.09_1451dcd8.jpg 450w, https:\/\/2025.latetedansleweb.org\/wp-content\/uploads\/2025\/02\/WhatsApp-Image-2025-02-01-a-20.40.09_1451dcd8-300x200.jpg 300w\" sizes=\"auto, (max-width: 450px) 100vw, 450px\" \/><figcaption class=\"wp-element-caption\"><a href=\"https:\/\/2025.latetedansleweb.org\/index.php\/nos-profils\/\" data-type=\"page\" data-id=\"34\">Portfolio de Lucie Bompart<\/a><\/figcaption><\/figure>\n<\/div>\n<\/div>\n<\/div>\n<\/div>\n\n\n\n<h2 class=\"wp-block-heading\">Nos articles<\/h2>\n\n\n\n<p>Explorez les derni\u00e8res tendances en termes de communication responsable et accessibilit\u00e9 \u00e0 travers les articles r\u00e9dig\u00e9s par nos soins. Conseils, t\u00e9moignages, podcast\u2026 Notre webzine vous propose un regard novateur et engag\u00e9 sur les \u00e9volutions du secteur, pour mieux comprendre les enjeux d\u2019aujourd\u2019hui et de demain. Que vous soyez professionnel.le du digital, \u00e9tudiant.e ou simplement curieux.se, plongez dans&nbsp;nos&nbsp;contenus&nbsp;!<\/p>\n\n\n\n<h3 class=\"wp-block-heading\"><a href=\"https:\/\/2025.latetedansleweb.org\/index.php\/nos-articles\/\" data-type=\"page\" data-id=\"42\"><strong>Derni\u00e8re s\u00e9lection<\/strong><\/a><\/h3>\n\n\n\n<div class=\"wp-block-columns alignfull are-vertically-aligned-center has-palette-color-2-background-color has-background is-layout-flex wp-container-core-columns-is-layout-2 wp-block-columns-is-layout-flex\" style=\"border-style:none;border-width:0px;border-radius:0px\">\n<div class=\"wp-block-column is-vertically-aligned-center is-layout-flow wp-block-column-is-layout-flow\" style=\"flex-basis:100%\">\n<div class=\"wp-block-cb-carousel selections\" data-slick=\"{&quot;slidesToShow&quot;:3,&quot;slidesToScroll&quot;:1,&quot;speed&quot;:300,&quot;arrows&quot;:true,&quot;dots&quot;:true,&quot;autoplay&quot;:false,&quot;autoplaySpeed&quot;:3000,&quot;infinite&quot;:false,&quot;responsive&quot;:[{&quot;breakpoint&quot;:751,&quot;settings&quot;:{&quot;slidesToShow&quot;:1,&quot;slidesToScroll&quot;:1}}]}\">\n<div class=\"wp-block-cb-slide\"><ul class=\"wp-block-latest-posts__list has-author wp-block-latest-posts\"><li><div class=\"wp-block-latest-posts__featured-image\"><img loading=\"lazy\" decoding=\"async\" width=\"1024\" height=\"1024\" src=\"https:\/\/2025.latetedansleweb.org\/wp-content\/uploads\/2025\/01\/Andrea-3-1024x1024.png\" class=\"attachment-large size-large wp-post-image\" alt=\"\" style=\"\" srcset=\"https:\/\/2025.latetedansleweb.org\/wp-content\/uploads\/2025\/01\/Andrea-3-1024x1024.png 1024w, https:\/\/2025.latetedansleweb.org\/wp-content\/uploads\/2025\/01\/Andrea-3-300x300.png 300w, https:\/\/2025.latetedansleweb.org\/wp-content\/uploads\/2025\/01\/Andrea-3-150x150.png 150w, https:\/\/2025.latetedansleweb.org\/wp-content\/uploads\/2025\/01\/Andrea-3-768x768.png 768w, https:\/\/2025.latetedansleweb.org\/wp-content\/uploads\/2025\/01\/Andrea-3-1536x1536.png 1536w, https:\/\/2025.latetedansleweb.org\/wp-content\/uploads\/2025\/01\/Andrea-3.png 2000w\" sizes=\"auto, (max-width: 1024px) 100vw, 1024px\" \/><\/div><a class=\"wp-block-latest-posts__post-title\" href=\"https:\/\/2025.latetedansleweb.org\/index.php\/2025\/06\/11\/2641\/\">Intelligence artificielle et \u00e9cologie : une alliance \u00e0 r\u00e9inventer ?<\/a><div class=\"wp-block-latest-posts__post-author\">par Ravahere LEBON<\/div><\/li>\n<\/ul><\/div>\n\n\n\n<div class=\"wp-block-cb-slide\"><ul class=\"wp-block-latest-posts__list has-author wp-block-latest-posts\"><li><div class=\"wp-block-latest-posts__featured-image\"><img loading=\"lazy\" decoding=\"async\" width=\"1024\" height=\"1024\" src=\"https:\/\/2025.latetedansleweb.org\/wp-content\/uploads\/2025\/01\/Andrea-3-1024x1024.png\" class=\"attachment-large size-large wp-post-image\" alt=\"\" style=\"\" srcset=\"https:\/\/2025.latetedansleweb.org\/wp-content\/uploads\/2025\/01\/Andrea-3-1024x1024.png 1024w, https:\/\/2025.latetedansleweb.org\/wp-content\/uploads\/2025\/01\/Andrea-3-300x300.png 300w, https:\/\/2025.latetedansleweb.org\/wp-content\/uploads\/2025\/01\/Andrea-3-150x150.png 150w, https:\/\/2025.latetedansleweb.org\/wp-content\/uploads\/2025\/01\/Andrea-3-768x768.png 768w, https:\/\/2025.latetedansleweb.org\/wp-content\/uploads\/2025\/01\/Andrea-3-1536x1536.png 1536w, https:\/\/2025.latetedansleweb.org\/wp-content\/uploads\/2025\/01\/Andrea-3.png 2000w\" sizes=\"auto, (max-width: 1024px) 100vw, 1024px\" \/><\/div><a class=\"wp-block-latest-posts__post-title\" href=\"https:\/\/2025.latetedansleweb.org\/index.php\/2025\/06\/11\/2641\/\">Intelligence artificielle et \u00e9cologie : une alliance \u00e0 r\u00e9inventer ?<\/a><div class=\"wp-block-latest-posts__post-author\">par Ravahere LEBON<\/div><\/li>\n<\/ul><\/div>\n\n\n\n<div class=\"wp-block-cb-slide\"><ul class=\"wp-block-latest-posts__list has-author wp-block-latest-posts\"><\/ul><\/div>\n<\/div>\n<\/div>\n<\/div>\n\n\n\n<figure class=\"wp-block-image aligncenter size-full is-resized\" style=\"margin-top:var(--wp--preset--spacing--30)\"><img loading=\"lazy\" decoding=\"async\" width=\"768\" height=\"328\" src=\"http:\/\/2025.latetedansleweb.org\/wp-content\/uploads\/2025\/01\/livre_11-e1736958646837.png\" alt=\"\" class=\"wp-image-1362\" style=\"width:537px\" srcset=\"https:\/\/2025.latetedansleweb.org\/wp-content\/uploads\/2025\/01\/livre_11-e1736958646837.png 768w, https:\/\/2025.latetedansleweb.org\/wp-content\/uploads\/2025\/01\/livre_11-e1736958646837-300x128.png 300w\" sizes=\"auto, (max-width: 768px) 100vw, 768px\" \/><\/figure>\n\n\n\n<p><\/p>\n","protected":false},"excerpt":{"rendered":"<p>La t\u00eate dans le Web Bienvenue sur le webzine de la promo Master GECI 2024\/2025 ! Le Master GECI Le Master GECI (Gestion Editoriale, Communication Internet) est une formation de l\u2019Universit\u00e9 Lumi\u00e8re Lyon 2 qui allie comp\u00e9tences techniques et ma\u00eetrise de la communication. Con\u00e7u pour r\u00e9pondre aux exigences du monde professionnel, il forme des profils [&hellip;]<\/p>\n","protected":false},"author":2,"featured_media":0,"parent":0,"menu_order":0,"comment_status":"closed","ping_status":"closed","template":"","meta":{"_seopress_robots_primary_cat":"","_seopress_titles_title":"","_seopress_titles_desc":"","_seopress_robots_index":"","inline_featured_image":false,"footnotes":""},"class_list":["post-67","page","type-page","status-publish","hentry"],"blocksy_meta":[],"_links":{"self":[{"href":"https:\/\/2025.latetedansleweb.org\/index.php\/wp-json\/wp\/v2\/pages\/67","targetHints":{"allow":["GET"]}}],"collection":[{"href":"https:\/\/2025.latetedansleweb.org\/index.php\/wp-json\/wp\/v2\/pages"}],"about":[{"href":"https:\/\/2025.latetedansleweb.org\/index.php\/wp-json\/wp\/v2\/types\/page"}],"author":[{"embeddable":true,"href":"https:\/\/2025.latetedansleweb.org\/index.php\/wp-json\/wp\/v2\/users\/2"}],"replies":[{"embeddable":true,"href":"https:\/\/2025.latetedansleweb.org\/index.php\/wp-json\/wp\/v2\/comments?post=67"}],"version-history":[{"count":274,"href":"https:\/\/2025.latetedansleweb.org\/index.php\/wp-json\/wp\/v2\/pages\/67\/revisions"}],"predecessor-version":[{"id":3259,"href":"https:\/\/2025.latetedansleweb.org\/index.php\/wp-json\/wp\/v2\/pages\/67\/revisions\/3259"}],"wp:attachment":[{"href":"https:\/\/2025.latetedansleweb.org\/index.php\/wp-json\/wp\/v2\/media?parent=67"}],"curies":[{"name":"wp","href":"https:\/\/api.w.org\/{rel}","templated":true}]}}