{"id":34,"date":"2024-12-26T22:04:50","date_gmt":"2024-12-26T21:04:50","guid":{"rendered":"https:\/\/2025.latetedansleweb.org\/wordpress\/?page_id=34"},"modified":"2025-02-13T10:47:29","modified_gmt":"2025-02-13T09:47:29","slug":"nos-profils","status":"publish","type":"page","link":"https:\/\/2025.latetedansleweb.org\/index.php\/nos-profils\/","title":{"rendered":"Nos profils"},"content":{"rendered":"<h1 class=\"wp-block-heading has-text-align-center evenements_h1\" style=\"font-size:40px;font-style:normal;font-weight:800\">NOS PROFILS<\/h1>\n\n\n<div style=\"height:32px\" aria-hidden=\"true\" class=\"wp-block-spacer\"><\/div>\n\n\n\n<div class=\"wp-block-columns profil-design is-layout-flex wp-container-core-columns-is-layout-1 wp-block-columns-is-layout-flex\">\n<div class=\"wp-block-column is-layout-flow wp-block-column-is-layout-flow\">\n<h2 class=\"wp-block-heading has-text-align-center\"><strong>Cheffes de projet<\/strong><\/h2>\n\n\n\n<figure class=\"wp-block-image aligncenter size-full is-resized\"><a href=\" #photo-cheffeprojet\"><img loading=\"lazy\" decoding=\"async\" width=\"2048\" height=\"2048\" src=\"https:\/\/2025.latetedansleweb.org\/wp-content\/uploads\/2025\/01\/Pole-Cheffes-de-projet.jpg\" alt=\"\" class=\"wp-image-2083\" style=\"object-fit:contain;width:444px;height:444px\" srcset=\"https:\/\/2025.latetedansleweb.org\/wp-content\/uploads\/2025\/01\/Pole-Cheffes-de-projet.jpg 2048w, https:\/\/2025.latetedansleweb.org\/wp-content\/uploads\/2025\/01\/Pole-Cheffes-de-projet-300x300.jpg 300w, https:\/\/2025.latetedansleweb.org\/wp-content\/uploads\/2025\/01\/Pole-Cheffes-de-projet-1024x1024.jpg 1024w, https:\/\/2025.latetedansleweb.org\/wp-content\/uploads\/2025\/01\/Pole-Cheffes-de-projet-150x150.jpg 150w, https:\/\/2025.latetedansleweb.org\/wp-content\/uploads\/2025\/01\/Pole-Cheffes-de-projet-768x768.jpg 768w, https:\/\/2025.latetedansleweb.org\/wp-content\/uploads\/2025\/01\/Pole-Cheffes-de-projet-1536x1536.jpg 1536w\" sizes=\"auto, (max-width: 2048px) 100vw, 2048px\" \/><\/a><\/figure>\n<\/div>\n\n\n\n<div class=\"wp-block-column is-layout-flow wp-block-column-is-layout-flow\">\n<h2 class=\"wp-block-heading has-text-align-center\"><strong>P\u00f4le webdesign<\/strong><\/h2>\n\n\n\n<figure class=\"wp-block-image aligncenter size-full is-resized is-style-default\" style=\"margin-right:0;margin-left:0\"><a href=\" #photo-design\"><img loading=\"lazy\" decoding=\"async\" width=\"2048\" height=\"2048\" src=\"https:\/\/2025.latetedansleweb.org\/wp-content\/uploads\/2025\/01\/Pole-Webdesign.jpg\" alt=\"\" class=\"wp-image-2084\" style=\"object-fit:contain;width:444px;height:444px\" srcset=\"https:\/\/2025.latetedansleweb.org\/wp-content\/uploads\/2025\/01\/Pole-Webdesign.jpg 2048w, https:\/\/2025.latetedansleweb.org\/wp-content\/uploads\/2025\/01\/Pole-Webdesign-300x300.jpg 300w, https:\/\/2025.latetedansleweb.org\/wp-content\/uploads\/2025\/01\/Pole-Webdesign-1024x1024.jpg 1024w, https:\/\/2025.latetedansleweb.org\/wp-content\/uploads\/2025\/01\/Pole-Webdesign-150x150.jpg 150w, https:\/\/2025.latetedansleweb.org\/wp-content\/uploads\/2025\/01\/Pole-Webdesign-768x768.jpg 768w, https:\/\/2025.latetedansleweb.org\/wp-content\/uploads\/2025\/01\/Pole-Webdesign-1536x1536.jpg 1536w\" sizes=\"auto, (max-width: 2048px) 100vw, 2048px\" \/><\/a><\/figure>\n<\/div>\n<\/div>\n\n\n\n<div class=\"wp-block-columns is-layout-flex wp-container-core-columns-is-layout-4 wp-block-columns-is-layout-flex\">\n<div class=\"wp-block-column is-layout-flow wp-block-column-is-layout-flow\">\n<div class=\"wp-block-group is-layout-constrained wp-block-group-is-layout-constrained\">\n<div class=\"wp-block-columns is-layout-flex wp-container-core-columns-is-layout-2 wp-block-columns-is-layout-flex\" style=\"padding-right:7.06rem;padding-left:7.06rem\">\n<div class=\"wp-block-column is-layout-flow wp-container-core-column-is-layout-3 wp-block-column-is-layout-flow\" style=\"border-radius:50px;padding-right:var(--wp--preset--spacing--70);padding-left:var(--wp--preset--spacing--70);flex-basis:300px\">\n<h2 class=\"wp-block-heading has-text-align-center button-profils has-large-font-size\" style=\"border-radius:50px\"><strong>P\u00f4le technique<\/strong><\/h2>\n<\/div>\n<\/div>\n<\/div>\n<\/div>\n\n\n\n<div class=\"wp-block-column is-layout-flow wp-block-column-is-layout-flow\">\n<div class=\"wp-block-columns is-layout-flex wp-container-core-columns-is-layout-3 wp-block-columns-is-layout-flex\">\n<div class=\"wp-block-column is-vertically-aligned-top has-small-font-size is-layout-flow wp-container-core-column-is-layout-5 wp-block-column-is-layout-flow\" style=\"border-radius:50px;padding-top:0;padding-right:7rem;padding-bottom:0;padding-left:7rem;flex-basis:3300px\">\n<h2 class=\"wp-block-heading has-text-align-center button-profils\" style=\"font-size:clamp(18.434px, 1.152rem + ((1vw - 3.2px) * 0.825), 29px);\"><strong>P\u00f4le r\u00e9f\u00e9rencement<\/strong><\/h2>\n<\/div>\n<\/div>\n<\/div>\n<\/div>\n\n\n\n<div class=\"wp-block-columns profil-design is-layout-flex wp-container-core-columns-is-layout-5 wp-block-columns-is-layout-flex\">\n<div class=\"wp-block-column is-layout-flow wp-block-column-is-layout-flow\">\n<figure class=\"wp-block-image aligncenter size-full is-resized\"><a href=\" #technique\"><img loading=\"lazy\" decoding=\"async\" width=\"2048\" height=\"2048\" src=\"https:\/\/2025.latetedansleweb.org\/wp-content\/uploads\/2025\/01\/Pole-Technique.jpg\" alt=\"\" class=\"wp-image-2085\" style=\"object-fit:contain;width:444px;height:444px\" srcset=\"https:\/\/2025.latetedansleweb.org\/wp-content\/uploads\/2025\/01\/Pole-Technique.jpg 2048w, https:\/\/2025.latetedansleweb.org\/wp-content\/uploads\/2025\/01\/Pole-Technique-300x300.jpg 300w, https:\/\/2025.latetedansleweb.org\/wp-content\/uploads\/2025\/01\/Pole-Technique-1024x1024.jpg 1024w, https:\/\/2025.latetedansleweb.org\/wp-content\/uploads\/2025\/01\/Pole-Technique-150x150.jpg 150w, https:\/\/2025.latetedansleweb.org\/wp-content\/uploads\/2025\/01\/Pole-Technique-768x768.jpg 768w, https:\/\/2025.latetedansleweb.org\/wp-content\/uploads\/2025\/01\/Pole-Technique-1536x1536.jpg 1536w\" sizes=\"auto, (max-width: 2048px) 100vw, 2048px\" \/><\/a><\/figure>\n<\/div>\n\n\n\n<div class=\"wp-block-column is-layout-flow wp-block-column-is-layout-flow\">\n<figure class=\"wp-block-image aligncenter size-full is-resized\"><a href=\"#referencement\"><img loading=\"lazy\" decoding=\"async\" width=\"2048\" height=\"2048\" src=\"https:\/\/2025.latetedansleweb.org\/wp-content\/uploads\/2025\/01\/Pole-Referencement.jpg\" alt=\"\" class=\"wp-image-2086\" style=\"object-fit:contain;width:444px;height:444px\" srcset=\"https:\/\/2025.latetedansleweb.org\/wp-content\/uploads\/2025\/01\/Pole-Referencement.jpg 2048w, https:\/\/2025.latetedansleweb.org\/wp-content\/uploads\/2025\/01\/Pole-Referencement-300x300.jpg 300w, https:\/\/2025.latetedansleweb.org\/wp-content\/uploads\/2025\/01\/Pole-Referencement-1024x1024.jpg 1024w, https:\/\/2025.latetedansleweb.org\/wp-content\/uploads\/2025\/01\/Pole-Referencement-150x150.jpg 150w, https:\/\/2025.latetedansleweb.org\/wp-content\/uploads\/2025\/01\/Pole-Referencement-768x768.jpg 768w, https:\/\/2025.latetedansleweb.org\/wp-content\/uploads\/2025\/01\/Pole-Referencement-1536x1536.jpg 1536w\" sizes=\"auto, (max-width: 2048px) 100vw, 2048px\" \/><\/a><\/figure>\n<\/div>\n<\/div>\n\n\n\n<div style=\"height:64px\" aria-hidden=\"true\" class=\"wp-block-spacer\"><\/div>\n\n\n\n<div class=\"wp-block-group is-layout-constrained wp-block-group-is-layout-constrained\">\n<div class=\"wp-block-columns is-layout-flex wp-container-core-columns-is-layout-6 wp-block-columns-is-layout-flex\">\n<div class=\"wp-block-column is-layout-flow wp-block-column-is-layout-flow\">\n<div class=\"wp-block-buttons is-content-justification-center is-layout-flex wp-container-core-buttons-is-layout-1 wp-block-buttons-is-layout-flex\">\n<div class=\"wp-block-button has-custom-font-size has-medium-font-size\" id=\"photos_cheffeprojet\"><a class=\"wp-block-button__link has-palette-color-4-color has-palette-color-2-background-color has-text-color has-background wp-element-button\" style=\"border-radius:50px\"><strong>Nos cheffes de projet<\/strong><\/a><\/div>\n<\/div>\n<\/div>\n<\/div>\n\n\n\n<p><strong>Elles assurent une communication fluide entre les \u00e9quipes, anticipent les risques et apportent des solutions adapt\u00e9es pour r\u00e9pondre aux besoins. Ce p\u00f4le incarne la rigueur, la cr\u00e9ativit\u00e9 et l&rsquo;agilit\u00e9 n\u00e9cessaires pour mener \u00e0 bien les projets.<\/strong><\/p>\n\n\n\n<div class=\"wp-block-columns profils-equipe is-layout-flex wp-container-core-columns-is-layout-7 wp-block-columns-is-layout-flex\">\n<div class=\"wp-block-column is-layout-flow wp-block-column-is-layout-flow\">\n<div class=\"wp-block-buttons overlap is-content-justification-center is-layout-flex wp-container-core-buttons-is-layout-2 wp-block-buttons-is-layout-flex\">\n<div class=\"wp-block-button has-custom-font-size bouton-profils has-medium-font-size\"><a class=\"wp-block-button__link has-palette-color-4-color has-palette-color-2-background-color has-text-color has-background has-text-align-center wp-element-button\" style=\"border-radius:50px\"><strong>Ma\u00eblle Dufresnes<\/strong><\/a><\/div>\n<\/div>\n\n\n\n<figure class=\"wp-block-image aligncenter size-large is-resized has-custom-border\" id=\"photo-cheffeprojet\"><img loading=\"lazy\" decoding=\"async\" width=\"1024\" height=\"1024\" src=\"http:\/\/2025.latetedansleweb.org\/wp-content\/uploads\/2025\/01\/Maelle-1024x1024.jpg\" alt=\"\" class=\"wp-image-890\" style=\"border-radius:21px;object-fit:cover;width:392px;height:342px\" srcset=\"https:\/\/2025.latetedansleweb.org\/wp-content\/uploads\/2025\/01\/Maelle-1024x1024.jpg 1024w, https:\/\/2025.latetedansleweb.org\/wp-content\/uploads\/2025\/01\/Maelle-300x300.jpg 300w, https:\/\/2025.latetedansleweb.org\/wp-content\/uploads\/2025\/01\/Maelle-150x150.jpg 150w, https:\/\/2025.latetedansleweb.org\/wp-content\/uploads\/2025\/01\/Maelle-768x768.jpg 768w, https:\/\/2025.latetedansleweb.org\/wp-content\/uploads\/2025\/01\/Maelle-1536x1536.jpg 1536w, https:\/\/2025.latetedansleweb.org\/wp-content\/uploads\/2025\/01\/Maelle.jpg 2048w\" sizes=\"auto, (max-width: 1024px) 100vw, 1024px\" \/><\/figure>\n\n\n\n<p class=\"has-text-align-left has-small-font-size\"><strong>Ma\u00eblle Dufresnes, qui fait partie de la promotion GECI, est aussi en charge du Webzine en tant que cheffe de projet. Riche en suggestions, elle a r\u00e9ussi \u00e0 diriger le projet de cr\u00e9ation du site web avec une capacit\u00e9 d&rsquo;analyse incomparable. Elle est souriante et impliqu\u00e9e, et elle cr\u00e9e aussi les contenus pour les r\u00e9seaux sociaux du projet.<\/strong><\/p>\n<\/div>\n\n\n\n<div class=\"wp-block-column is-layout-flow wp-block-column-is-layout-flow\">\n<div class=\"wp-block-buttons is-content-justification-center is-layout-flex wp-container-core-buttons-is-layout-3 wp-block-buttons-is-layout-flex\">\n<div class=\"wp-block-button has-custom-font-size bouton-profils has-medium-font-size\"><a class=\"wp-block-button__link has-palette-color-4-color has-palette-color-2-background-color has-text-color has-background wp-element-button\" style=\"border-radius:50px\"><strong><strong>Clara Montagnat-Rentier<\/strong><\/strong><\/a><\/div>\n<\/div>\n\n\n\n<figure class=\"wp-block-image aligncenter size-medium is-resized has-custom-border\"><img loading=\"lazy\" decoding=\"async\" width=\"300\" height=\"300\" src=\"http:\/\/2025.latetedansleweb.org\/wp-content\/uploads\/2025\/01\/Clara-300x300.jpg\" alt=\"\" class=\"wp-image-891\" style=\"border-radius:24px;object-fit:cover;width:392px;height:342px\" srcset=\"https:\/\/2025.latetedansleweb.org\/wp-content\/uploads\/2025\/01\/Clara-300x300.jpg 300w, https:\/\/2025.latetedansleweb.org\/wp-content\/uploads\/2025\/01\/Clara-1024x1024.jpg 1024w, https:\/\/2025.latetedansleweb.org\/wp-content\/uploads\/2025\/01\/Clara-150x150.jpg 150w, https:\/\/2025.latetedansleweb.org\/wp-content\/uploads\/2025\/01\/Clara-768x768.jpg 768w, https:\/\/2025.latetedansleweb.org\/wp-content\/uploads\/2025\/01\/Clara-1536x1536.jpg 1536w, https:\/\/2025.latetedansleweb.org\/wp-content\/uploads\/2025\/01\/Clara.jpg 2048w\" sizes=\"auto, (max-width: 300px) 100vw, 300px\" \/><\/figure>\n\n\n\n<p class=\"has-small-font-size\"><strong>Clara Montagnat-Rentier est une membre de la promotion GECI et elle est \u00e9galement pr\u00e9sidente et responsable de la communication de l&rsquo;<a href=\"https:\/\/www.instagram.com\/jeunes.stours\/\">Association les Amis du Village<\/a>. Elle est l&rsquo;une des cheffes de projet du Webzine et elle ma\u00eetrise l&rsquo;anglais et l&rsquo;espagnol, ce qui lui sera d&rsquo;un grand avantage pour effectuer son stage en communication au <a href=\"https:\/\/www.festival-lesdeferlantes.com\/\">festival Les D\u00e9ferlantes<\/a>.<\/strong><\/p>\n<\/div>\n\n\n\n<div class=\"wp-block-column is-layout-flow wp-block-column-is-layout-flow\">\n<div class=\"wp-block-buttons is-content-justification-center is-layout-flex wp-container-core-buttons-is-layout-4 wp-block-buttons-is-layout-flex\">\n<div class=\"wp-block-button has-custom-font-size bouton-profils has-medium-font-size\"><a class=\"wp-block-button__link has-palette-color-4-color has-palette-color-2-background-color has-text-color has-background wp-element-button\" style=\"border-radius:50px\"><strong>Camille Khendriche<\/strong><\/a><\/div>\n<\/div>\n\n\n\n<figure class=\"wp-block-image aligncenter size-medium is-resized has-custom-border\"><img loading=\"lazy\" decoding=\"async\" width=\"300\" height=\"300\" src=\"https:\/\/2025.latetedansleweb.org\/wp-content\/uploads\/2025\/01\/Camille-300x300.jpg\" alt=\"\" class=\"wp-image-892\" style=\"border-radius:24px;object-fit:cover;width:392px;height:342px\" srcset=\"https:\/\/2025.latetedansleweb.org\/wp-content\/uploads\/2025\/01\/Camille-300x300.jpg 300w, https:\/\/2025.latetedansleweb.org\/wp-content\/uploads\/2025\/01\/Camille-1024x1024.jpg 1024w, https:\/\/2025.latetedansleweb.org\/wp-content\/uploads\/2025\/01\/Camille-150x150.jpg 150w, https:\/\/2025.latetedansleweb.org\/wp-content\/uploads\/2025\/01\/Camille-768x768.jpg 768w, https:\/\/2025.latetedansleweb.org\/wp-content\/uploads\/2025\/01\/Camille-1536x1536.jpg 1536w, https:\/\/2025.latetedansleweb.org\/wp-content\/uploads\/2025\/01\/Camille.jpg 2048w\" sizes=\"auto, (max-width: 300px) 100vw, 300px\" \/><\/figure>\n\n\n\n<p class=\"has-text-align-left has-small-font-size\"><strong>Camille Khendriche est une \u00e9tudiante de la promo GECI et occupe le poste de cheffe de projet du Webzine de cette ann\u00e9e. Elle est entreprenante, investie et tr\u00e8s \u00e9nergique dans son travail. Elle poss\u00e8de de forte comp\u00e9tences \u00e0 l&rsquo;oral, en montage vid\u00e9o et audio mais \u00e9galement en gestion de projet. Elle r\u00e9alise son alternance en tant que cheffe de projet chez <a href=\"https:\/\/www.uptotri.fr\">Up to tri<\/a><\/strong>.<\/p>\n<\/div>\n<\/div>\n\n\n\n<div style=\"height:40px\" aria-hidden=\"true\" class=\"wp-block-spacer\"><\/div>\n\n\n\n<div class=\"wp-block-columns is-layout-flex wp-container-core-columns-is-layout-8 wp-block-columns-is-layout-flex\">\n<div class=\"wp-block-column is-layout-flow wp-block-column-is-layout-flow\"><\/div>\n\n\n\n<div class=\"wp-block-column is-layout-flow wp-block-column-is-layout-flow\">\n<div class=\"wp-block-buttons is-content-justification-center is-layout-flex wp-container-core-buttons-is-layout-5 wp-block-buttons-is-layout-flex\">\n<div class=\"wp-block-button has-custom-font-size has-medium-font-size\" id=\"webdesign\"><a class=\"wp-block-button__link has-palette-color-4-color has-palette-color-2-background-color has-text-color has-background wp-element-button\" style=\"border-radius:50px\"><strong>P\u00f4le webdesign<\/strong><\/a><\/div>\n<\/div>\n<\/div>\n\n\n\n<div class=\"wp-block-column is-layout-flow wp-block-column-is-layout-flow\"><\/div>\n<\/div>\n\n\n\n<p><strong>Notre p\u00f4le webdesign cr\u00e9e des interfaces esth\u00e9tiques, \u00e9coresponsables et inclusives. En optimisant les ressources graphiques et en respectant les normes d\u2019accessibilit\u00e9, nous garantissons une navigation intuitive pour tous tout en r\u00e9duisant l\u2019empreinte \u00e9cologique du site.<\/strong><\/p>\n\n\n\n<div class=\"wp-block-columns profils-equipe is-layout-flex wp-container-core-columns-is-layout-9 wp-block-columns-is-layout-flex\">\n<div class=\"wp-block-column profils-equipe is-layout-flow wp-block-column-is-layout-flow\" style=\"padding-top:0;padding-bottom:0\">\n<div class=\"wp-block-buttons alignwide has-custom-font-size has-small-font-size is-content-justification-center is-layout-flex wp-container-core-buttons-is-layout-6 wp-block-buttons-is-layout-flex\" style=\"border-style:none;border-width:0px;border-radius:0px\">\n<div class=\"wp-block-button has-custom-font-size bouton-profils has-medium-font-size\"><a class=\"wp-block-button__link has-palette-color-4-color has-palette-color-2-background-color has-text-color has-background has-text-align-center wp-element-button\" style=\"border-radius:50px\"><mark style=\"background-color: rgba(0, 0, 0, 0);\"><strong>Andr\u00e9a Lebon<\/strong><\/mark><\/a><\/div>\n<\/div>\n\n\n\n<figure class=\"wp-block-image aligncenter size-medium is-resized has-custom-border\" id=\"photo-design\"><img loading=\"lazy\" decoding=\"async\" width=\"300\" height=\"300\" src=\"https:\/\/2025.latetedansleweb.org\/wp-content\/uploads\/2025\/01\/Andrea-1-300x300.jpg\" alt=\"\" class=\"wp-image-817\" style=\"border-radius:21px;object-fit:cover;width:392px;height:342px\" srcset=\"https:\/\/2025.latetedansleweb.org\/wp-content\/uploads\/2025\/01\/Andrea-1-300x300.jpg 300w, https:\/\/2025.latetedansleweb.org\/wp-content\/uploads\/2025\/01\/Andrea-1-1024x1024.jpg 1024w, https:\/\/2025.latetedansleweb.org\/wp-content\/uploads\/2025\/01\/Andrea-1-150x150.jpg 150w, https:\/\/2025.latetedansleweb.org\/wp-content\/uploads\/2025\/01\/Andrea-1-768x768.jpg 768w, https:\/\/2025.latetedansleweb.org\/wp-content\/uploads\/2025\/01\/Andrea-1-1536x1536.jpg 1536w, https:\/\/2025.latetedansleweb.org\/wp-content\/uploads\/2025\/01\/Andrea-1.jpg 2048w\" sizes=\"auto, (max-width: 300px) 100vw, 300px\" \/><\/figure>\n\n\n\n<p class=\"has-text-align-left has-small-font-size\"><strong>Andr\u00e9a Lebon, responsable du p\u00f4le Webdesign est une \u00e9tudiante GECI cr\u00e9ative avec une forte comp\u00e9tence en mati\u00e8re de cr\u00e9ation de contenus. Dans le cadre de ce master en communication elle r\u00e9alise une alternance en tant que charg\u00e9e de communication \u00e0 la <a href=\"https:\/\/www.lanef.com\/\">Nef<\/a>. Pour d\u00e9couvrir son travail : <a href=\"https:\/\/tahiti-experiences.net\/\">https:\/\/tahiti-experiences.net\/<\/a><\/strong><\/p>\n<\/div>\n\n\n\n<div class=\"wp-block-column is-layout-flow wp-block-column-is-layout-flow\" style=\"padding-top:0;padding-right:0;padding-bottom:0;padding-left:0\">\n<div class=\"wp-block-buttons is-content-justification-center is-layout-flex wp-container-core-buttons-is-layout-7 wp-block-buttons-is-layout-flex\">\n<div class=\"wp-block-button has-custom-font-size bouton-profils has-medium-font-size\"><a class=\"wp-block-button__link has-palette-color-4-color has-palette-color-2-background-color has-text-color has-background wp-element-button\" style=\"border-radius:50px\"><strong>R\u00e9mi Regrettier<\/strong><\/a><\/div>\n<\/div>\n\n\n\n<figure class=\"wp-block-image aligncenter size-medium is-resized has-custom-border\"><img loading=\"lazy\" decoding=\"async\" width=\"300\" height=\"300\" src=\"https:\/\/2025.latetedansleweb.org\/wp-content\/uploads\/2025\/01\/Remi-300x300.jpg\" alt=\"\" class=\"wp-image-812\" style=\"border-radius:21px;object-fit:cover;width:392px;height:342px\" srcset=\"https:\/\/2025.latetedansleweb.org\/wp-content\/uploads\/2025\/01\/Remi-300x300.jpg 300w, https:\/\/2025.latetedansleweb.org\/wp-content\/uploads\/2025\/01\/Remi-1024x1024.jpg 1024w, https:\/\/2025.latetedansleweb.org\/wp-content\/uploads\/2025\/01\/Remi-150x150.jpg 150w, https:\/\/2025.latetedansleweb.org\/wp-content\/uploads\/2025\/01\/Remi-768x768.jpg 768w, https:\/\/2025.latetedansleweb.org\/wp-content\/uploads\/2025\/01\/Remi-1536x1536.jpg 1536w, https:\/\/2025.latetedansleweb.org\/wp-content\/uploads\/2025\/01\/Remi.jpg 2048w\" sizes=\"auto, (max-width: 300px) 100vw, 300px\" \/><\/figure>\n\n\n\n<p class=\"has-small-font-size\"><strong>R\u00e9mi Regrettier, suppl\u00e9ant du p\u00f4le Webdesign est un \u00e9tudiant GECI organis\u00e9 et sociable qui sait faire preuve d&rsquo;une grande adaptabilit\u00e9. Dans le cadre de ses \u00e9tudes en communication, il a d&rsquo;ailleurs r\u00e9alis\u00e9 un stage en tant qu&rsquo;assistant Community Manager chez <a href=\"https:\/\/www.handicap-international.fr\/\">Handicap International<\/a>. Pour d\u00e9couvrir son travail : Projet commanditaire.<\/strong><\/p>\n<\/div>\n<\/div>\n\n\n\n<div class=\"wp-block-columns profils-equipe is-layout-flex wp-container-core-columns-is-layout-10 wp-block-columns-is-layout-flex\">\n<div class=\"wp-block-column is-layout-flow wp-block-column-is-layout-flow\">\n<div class=\"wp-block-buttons is-content-justification-center is-layout-flex wp-container-core-buttons-is-layout-8 wp-block-buttons-is-layout-flex\">\n<div class=\"wp-block-button has-custom-font-size bouton-profils has-medium-font-size\"><a class=\"wp-block-button__link has-palette-color-4-color has-palette-color-2-background-color has-text-color has-background wp-element-button\" style=\"border-radius:50px\"><strong>Hind Gadinarou<\/strong><\/a><\/div>\n<\/div>\n\n\n\n<figure class=\"wp-block-image aligncenter size-medium is-resized has-custom-border\"><img loading=\"lazy\" decoding=\"async\" width=\"300\" height=\"300\" src=\"https:\/\/2025.latetedansleweb.org\/wp-content\/uploads\/2025\/01\/Hind-300x300.jpg\" alt=\"\" class=\"wp-image-813\" style=\"border-radius:24px;object-fit:cover;width:392px;height:342px\" srcset=\"https:\/\/2025.latetedansleweb.org\/wp-content\/uploads\/2025\/01\/Hind-300x300.jpg 300w, https:\/\/2025.latetedansleweb.org\/wp-content\/uploads\/2025\/01\/Hind-1024x1024.jpg 1024w, https:\/\/2025.latetedansleweb.org\/wp-content\/uploads\/2025\/01\/Hind-150x150.jpg 150w, https:\/\/2025.latetedansleweb.org\/wp-content\/uploads\/2025\/01\/Hind-768x768.jpg 768w, https:\/\/2025.latetedansleweb.org\/wp-content\/uploads\/2025\/01\/Hind-1536x1536.jpg 1536w, https:\/\/2025.latetedansleweb.org\/wp-content\/uploads\/2025\/01\/Hind.jpg 2048w\" sizes=\"auto, (max-width: 300px) 100vw, 300px\" \/><\/figure>\n\n\n\n<p class=\"has-text-align-left has-small-font-size\"><strong>Hind Gadinarou est une \u00e9tudiante de la promo GECI avec une forte app\u00e9tence en cr\u00e9ation de contenus et montage vid\u00e9o. Elle r\u00e9alise le site web d&rsquo;AB solaire dans le cadre du projet commandit\u00e9. Elle est consciencieuse dans son travail et a g\u00e9r\u00e9 les r\u00e9seaux sociaux de la promo lors de la conf\u00e9rence sur l&rsquo;\u00e9co conception.<\/strong><\/p>\n<\/div>\n\n\n\n<div class=\"wp-block-column is-layout-flow wp-block-column-is-layout-flow\">\n<div class=\"wp-block-buttons is-content-justification-center is-layout-flex wp-container-core-buttons-is-layout-9 wp-block-buttons-is-layout-flex\">\n<div class=\"wp-block-button has-custom-font-size bouton-profils has-medium-font-size\"><a class=\"wp-block-button__link has-palette-color-4-color has-palette-color-2-background-color has-text-color has-background wp-element-button\" style=\"border-radius:50px\"><strong>Ambrine Hedhli<\/strong><\/a><\/div>\n<\/div>\n\n\n\n<figure class=\"wp-block-image aligncenter size-medium is-resized has-custom-border\"><img loading=\"lazy\" decoding=\"async\" width=\"300\" height=\"300\" src=\"https:\/\/2025.latetedansleweb.org\/wp-content\/uploads\/2025\/01\/Ambrine-300x300.jpg\" alt=\"\" class=\"wp-image-814\" style=\"border-radius:21px;object-fit:cover;width:392px;height:342px\" srcset=\"https:\/\/2025.latetedansleweb.org\/wp-content\/uploads\/2025\/01\/Ambrine-300x300.jpg 300w, https:\/\/2025.latetedansleweb.org\/wp-content\/uploads\/2025\/01\/Ambrine-1024x1024.jpg 1024w, https:\/\/2025.latetedansleweb.org\/wp-content\/uploads\/2025\/01\/Ambrine-150x150.jpg 150w, https:\/\/2025.latetedansleweb.org\/wp-content\/uploads\/2025\/01\/Ambrine-768x768.jpg 768w, https:\/\/2025.latetedansleweb.org\/wp-content\/uploads\/2025\/01\/Ambrine-1536x1536.jpg 1536w, https:\/\/2025.latetedansleweb.org\/wp-content\/uploads\/2025\/01\/Ambrine.jpg 2048w\" sizes=\"auto, (max-width: 300px) 100vw, 300px\" \/><\/figure>\n\n\n\n<p class=\"has-text-align-left has-small-font-size\"><strong>Ambrine Hedhli est une \u00e9tudiante du GECI \u00e0 la cr\u00e9ativit\u00e9 sans fin tant dans la cr\u00e9ation de contenus sur les r\u00e9seaux sociaux qu&rsquo;en p\u00e2tisserie. Elle a travaill\u00e9 sur le webdesign de notre webzine et continue son ann\u00e9e dans l&rsquo;entreprise Tissiad transport en tant que stagiaire community manager.<\/strong><\/p>\n<\/div>\n<\/div>\n\n\n\n<div class=\"wp-block-columns profils-equipe is-layout-flex wp-container-core-columns-is-layout-11 wp-block-columns-is-layout-flex\">\n<div class=\"wp-block-column is-layout-flow wp-block-column-is-layout-flow\">\n<div class=\"wp-block-buttons is-content-justification-center is-layout-flex wp-container-core-buttons-is-layout-10 wp-block-buttons-is-layout-flex\">\n<div class=\"wp-block-button has-custom-font-size bouton-profils has-medium-font-size\"><a class=\"wp-block-button__link has-palette-color-4-color has-palette-color-2-background-color has-text-color has-background wp-element-button\" style=\"border-radius:50px\"><strong>Chlo\u00e9 Bezon-Viaille<\/strong><\/a><\/div>\n<\/div>\n\n\n\n<figure class=\"wp-block-image aligncenter size-medium is-resized has-custom-border\"><img loading=\"lazy\" decoding=\"async\" width=\"300\" height=\"300\" src=\"https:\/\/2025.latetedansleweb.org\/wp-content\/uploads\/2025\/01\/Chloe-300x300.jpg\" alt=\"\" class=\"wp-image-815\" style=\"border-radius:21px;object-fit:cover;width:392px;height:342px\" srcset=\"https:\/\/2025.latetedansleweb.org\/wp-content\/uploads\/2025\/01\/Chloe-300x300.jpg 300w, https:\/\/2025.latetedansleweb.org\/wp-content\/uploads\/2025\/01\/Chloe-1024x1024.jpg 1024w, https:\/\/2025.latetedansleweb.org\/wp-content\/uploads\/2025\/01\/Chloe-150x150.jpg 150w, https:\/\/2025.latetedansleweb.org\/wp-content\/uploads\/2025\/01\/Chloe-768x768.jpg 768w, https:\/\/2025.latetedansleweb.org\/wp-content\/uploads\/2025\/01\/Chloe-1536x1536.jpg 1536w, https:\/\/2025.latetedansleweb.org\/wp-content\/uploads\/2025\/01\/Chloe.jpg 2048w\" sizes=\"auto, (max-width: 300px) 100vw, 300px\" \/><\/figure>\n\n\n\n<p class=\"has-text-align-left has-small-font-size\"><strong>Chlo\u00e9 Bozon-Viaille, \u00e9tudiante GECI du p\u00f4le Webdesign est cr\u00e9ative. Sa principale comp\u00e9tence est en mati\u00e8re de r\u00e9daction, dans le cadre de ce master en communication elle r\u00e9alise d&rsquo;ailleurs une alternance en tant que charg\u00e9e de communication \u00e0 la <a href=\"https:\/\/cc-miribel.fr\/\">CCMP<\/a>. Pour d\u00e9couvrir son travail : Projet commanditaire.<\/strong><\/p>\n<\/div>\n\n\n\n<div class=\"wp-block-column is-layout-flow wp-block-column-is-layout-flow\">\n<div class=\"wp-block-buttons is-content-justification-center is-layout-flex wp-container-core-buttons-is-layout-11 wp-block-buttons-is-layout-flex\">\n<div class=\"wp-block-button has-custom-font-size bouton-profils has-medium-font-size\"><a class=\"wp-block-button__link has-palette-color-4-color has-palette-color-2-background-color has-text-color has-background wp-element-button\" style=\"border-radius:50px\"><strong>Alixonne Jacques<\/strong><\/a><\/div>\n<\/div>\n\n\n\n<figure class=\"wp-block-image aligncenter size-medium is-resized has-custom-border\"><img loading=\"lazy\" decoding=\"async\" width=\"300\" height=\"300\" src=\"https:\/\/2025.latetedansleweb.org\/wp-content\/uploads\/2025\/01\/computer-icons-customer-service-user-others-c220d687922ba81cde06eb56372888cf-1-300x300.png\" alt=\"\" class=\"wp-image-2936\" style=\"border-radius:24px;object-fit:cover;width:392px;height:342px\" srcset=\"https:\/\/2025.latetedansleweb.org\/wp-content\/uploads\/2025\/01\/computer-icons-customer-service-user-others-c220d687922ba81cde06eb56372888cf-1-300x300.png 300w, https:\/\/2025.latetedansleweb.org\/wp-content\/uploads\/2025\/01\/computer-icons-customer-service-user-others-c220d687922ba81cde06eb56372888cf-1-150x150.png 150w, https:\/\/2025.latetedansleweb.org\/wp-content\/uploads\/2025\/01\/computer-icons-customer-service-user-others-c220d687922ba81cde06eb56372888cf-1.png 512w\" sizes=\"auto, (max-width: 300px) 100vw, 300px\" \/><\/figure>\n\n\n\n<p class=\"has-text-align-left has-small-font-size\"><strong>Alixonne Jacques est une \u00e9tudiante GECI qui fait preuve d&rsquo;une imagination et d&rsquo;une visualisation cr\u00e9ative. Ce master en communication lui a permis de r\u00e9aliser un stage de Community Manager chez CIA Conseil mais \u00e9galement de Jounaliste reporter \u00e0 la <a href=\"https:\/\/www.rivieradulevant.fr\/\">Communaut\u00e9 d&rsquo;Agglom\u00e9ration Riviera Du Levant<\/a>. Pour d\u00e9couvrir son travail : Projet commanditaire.<\/strong><\/p>\n<\/div>\n<\/div>\n\n\n\n<p>&nbsp;<\/p>\n\n\n\n<div style=\"height:40px\" aria-hidden=\"true\" class=\"wp-block-spacer\"><\/div>\n\n\n\n<div class=\"wp-block-columns is-layout-flex wp-container-core-columns-is-layout-12 wp-block-columns-is-layout-flex\">\n<div class=\"wp-block-column is-layout-flow wp-block-column-is-layout-flow\">\n<div class=\"wp-block-buttons has-custom-font-size has-medium-font-size is-content-justification-center is-layout-flex wp-container-core-buttons-is-layout-12 wp-block-buttons-is-layout-flex\" style=\"padding-top:0;padding-right:0;padding-bottom:0;padding-left:0\">\n<div class=\"wp-block-button\" id=\"referencement\"><a class=\"wp-block-button__link has-palette-color-4-color has-palette-color-2-background-color has-text-color has-background wp-element-button\" style=\"border-radius:50px\"><strong>P\u00f4le r\u00e9f\u00e9rencement<\/strong><\/a><\/div>\n<\/div>\n<\/div>\n<\/div>\n\n\n\n<p><strong>Notre  p\u00f4le r\u00e9f\u00e9rencement optimise la visibilit\u00e9 du projet sur les moteurs de recherche. Gr\u00e2ce \u00e0 des strat\u00e9gies SEO et SEA performantes, il am\u00e9liore le positionnement en ligne, g\u00e9n\u00e8re du trafic qualifi\u00e9 et maximise l&rsquo;impact digital.<\/strong><\/p>\n\n\n\n<div class=\"wp-block-columns profils-equipe is-layout-flex wp-container-core-columns-is-layout-13 wp-block-columns-is-layout-flex\">\n<div class=\"wp-block-column is-layout-flow wp-block-column-is-layout-flow\">\n<div class=\"wp-block-buttons is-content-justification-center is-layout-flex wp-container-core-buttons-is-layout-13 wp-block-buttons-is-layout-flex\">\n<div class=\"wp-block-button has-custom-font-size bouton-profils has-medium-font-size\"><a class=\"wp-block-button__link has-palette-color-4-color has-palette-color-2-background-color has-text-color has-background wp-element-button\" style=\"border-radius:50px\"><strong>Laurine Buellet<\/strong><\/a><\/div>\n<\/div>\n\n\n\n<figure class=\"wp-block-image aligncenter size-medium is-resized has-custom-border\" id=\"pole_referencement\"><img loading=\"lazy\" decoding=\"async\" width=\"300\" height=\"300\" src=\"https:\/\/2025.latetedansleweb.org\/wp-content\/uploads\/2025\/01\/Laurine-300x300.jpg\" alt=\"\" class=\"wp-image-876\" style=\"border-radius:21px;object-fit:cover;width:392px;height:342px\" srcset=\"https:\/\/2025.latetedansleweb.org\/wp-content\/uploads\/2025\/01\/Laurine-300x300.jpg 300w, https:\/\/2025.latetedansleweb.org\/wp-content\/uploads\/2025\/01\/Laurine-1024x1024.jpg 1024w, https:\/\/2025.latetedansleweb.org\/wp-content\/uploads\/2025\/01\/Laurine-150x150.jpg 150w, https:\/\/2025.latetedansleweb.org\/wp-content\/uploads\/2025\/01\/Laurine-768x768.jpg 768w, https:\/\/2025.latetedansleweb.org\/wp-content\/uploads\/2025\/01\/Laurine-1536x1536.jpg 1536w, https:\/\/2025.latetedansleweb.org\/wp-content\/uploads\/2025\/01\/Laurine.jpg 2048w\" sizes=\"auto, (max-width: 300px) 100vw, 300px\" \/><\/figure>\n\n\n\n<p class=\"has-text-align-left has-small-font-size\"><strong>Laurine Buellet est une \u00e9tudiante GECI dot\u00e9e d&rsquo;une personnalit\u00e9 tr\u00e8s cr\u00e9ative sur les r\u00e9seaux sociaux. Elle est responsable dans le p\u00f4le R\u00e9f\u00e9rencement de notre webzine. Elle connait parfaitement les codes d&rsquo;internet et est charg\u00e9e de communication en alternance chez le 1817. Elle partage son travail dans son <a href=\"https:\/\/laurinebuellet.my.canva.site\/portfolio\">portfolio<\/a><a href=\" https:\/\/laurinebuellet.my.canva.site\/portfolio\">.<\/a><\/strong><\/p>\n<\/div>\n\n\n\n<div class=\"wp-block-column is-layout-flow wp-block-column-is-layout-flow\">\n<div class=\"wp-block-buttons is-content-justification-center is-layout-flex wp-container-core-buttons-is-layout-14 wp-block-buttons-is-layout-flex\">\n<div class=\"wp-block-button has-custom-font-size bouton-profils has-medium-font-size\"><a class=\"wp-block-button__link has-palette-color-4-color has-palette-color-2-background-color has-text-color has-background wp-element-button\" style=\"border-radius:50px\"><strong>Sha\u00efneze Nekkaa<\/strong><\/a><\/div>\n<\/div>\n\n\n\n<figure class=\"wp-block-image aligncenter size-medium is-resized has-custom-border\"><img loading=\"lazy\" decoding=\"async\" width=\"300\" height=\"300\" src=\"https:\/\/2025.latetedansleweb.org\/wp-content\/uploads\/2025\/01\/Shaineze-300x300.jpg\" alt=\"\" class=\"wp-image-877\" style=\"border-radius:21px;object-fit:cover;width:392px;height:342px\" srcset=\"https:\/\/2025.latetedansleweb.org\/wp-content\/uploads\/2025\/01\/Shaineze-300x300.jpg 300w, https:\/\/2025.latetedansleweb.org\/wp-content\/uploads\/2025\/01\/Shaineze-1024x1024.jpg 1024w, https:\/\/2025.latetedansleweb.org\/wp-content\/uploads\/2025\/01\/Shaineze-150x150.jpg 150w, https:\/\/2025.latetedansleweb.org\/wp-content\/uploads\/2025\/01\/Shaineze-768x768.jpg 768w, https:\/\/2025.latetedansleweb.org\/wp-content\/uploads\/2025\/01\/Shaineze-1536x1536.jpg 1536w, https:\/\/2025.latetedansleweb.org\/wp-content\/uploads\/2025\/01\/Shaineze.jpg 2048w\" sizes=\"auto, (max-width: 300px) 100vw, 300px\" \/><\/figure>\n\n\n\n<p class=\"has-text-align-left has-small-font-size\"><strong>Sha\u00efneze Nekkaa, suppl\u00e9ante au sein du p\u00f4le R\u00e9f\u00e9rencement est une \u00e9tudiante GECI autonome et faisant preuve d&rsquo;une qualit\u00e9 r\u00e9dactionnelle. Dans le cadre de ce master en communication, elle r\u00e9alise un stage en tant que charg\u00e9e de communication \u00e0 la M\u00e9tropole de Lyon. Pour d\u00e9couvrir son travail : Projet commanditaire et RSN Master GECI.<\/strong><\/p>\n<\/div>\n<\/div>\n\n\n\n<div class=\"wp-block-columns profils-equipe is-layout-flex wp-container-core-columns-is-layout-14 wp-block-columns-is-layout-flex\">\n<div class=\"wp-block-column is-layout-flow wp-block-column-is-layout-flow\">\n<div class=\"wp-block-buttons is-content-justification-center is-layout-flex wp-container-core-buttons-is-layout-15 wp-block-buttons-is-layout-flex\">\n<div class=\"wp-block-button has-custom-font-size bouton-profils has-medium-font-size\"><a class=\"wp-block-button__link has-palette-color-4-color has-palette-color-2-background-color has-text-color has-background wp-element-button\" style=\"border-radius:50px\"><strong>Timoth\u00e9e Collet<\/strong><\/a><\/div>\n<\/div>\n\n\n\n<figure class=\"wp-block-image aligncenter size-medium is-resized has-custom-border\"><img loading=\"lazy\" decoding=\"async\" width=\"300\" height=\"300\" src=\"https:\/\/2025.latetedansleweb.org\/wp-content\/uploads\/2025\/01\/Timothee-300x300.jpg\" alt=\"\" class=\"wp-image-878\" style=\"border-radius:24px;object-fit:cover;width:392px;height:342px\" srcset=\"https:\/\/2025.latetedansleweb.org\/wp-content\/uploads\/2025\/01\/Timothee-300x300.jpg 300w, https:\/\/2025.latetedansleweb.org\/wp-content\/uploads\/2025\/01\/Timothee-1024x1024.jpg 1024w, https:\/\/2025.latetedansleweb.org\/wp-content\/uploads\/2025\/01\/Timothee-150x150.jpg 150w, https:\/\/2025.latetedansleweb.org\/wp-content\/uploads\/2025\/01\/Timothee-768x768.jpg 768w, https:\/\/2025.latetedansleweb.org\/wp-content\/uploads\/2025\/01\/Timothee-1536x1536.jpg 1536w, https:\/\/2025.latetedansleweb.org\/wp-content\/uploads\/2025\/01\/Timothee.jpg 2048w\" sizes=\"auto, (max-width: 300px) 100vw, 300px\" \/><\/figure>\n\n\n\n<p class=\"has-text-align-left has-small-font-size\"><strong>Timoth\u00e9e Collet est un \u00e9tudiant GECI avec une app\u00e9tence pour la photographie, il a d&rsquo;ailleurs r\u00e9alis\u00e9 les portraits photographiques de notre promotion. Il partage son travail dans son <a href=\"https:\/\/timotheecollet.myportfolio.com\/\">portfolio<\/a>. Il va continuer sa formation en tant que Community Manager au camping \u00ab\u00a0Le Boudigau\u00a0\u00bb dans le cadre du stage.<\/strong><\/p>\n<\/div>\n\n\n\n<div class=\"wp-block-column is-layout-flow wp-block-column-is-layout-flow\">\n<div class=\"wp-block-buttons is-content-justification-center is-layout-flex wp-container-core-buttons-is-layout-16 wp-block-buttons-is-layout-flex\">\n<div class=\"wp-block-button has-custom-font-size bouton-profils has-medium-font-size\"><a class=\"wp-block-button__link has-palette-color-4-color has-palette-color-2-background-color has-text-color has-background wp-element-button\" style=\"border-radius:50px\"><strong>Sarah Bachir<\/strong><\/a><\/div>\n<\/div>\n\n\n\n<figure class=\"wp-block-image aligncenter size-medium is-resized has-custom-border\"><img loading=\"lazy\" decoding=\"async\" width=\"300\" height=\"300\" src=\"https:\/\/2025.latetedansleweb.org\/wp-content\/uploads\/2025\/01\/Sarah-300x300.jpg\" alt=\"\" class=\"wp-image-879\" style=\"border-radius:21px;object-fit:cover;width:392px;height:342px\" srcset=\"https:\/\/2025.latetedansleweb.org\/wp-content\/uploads\/2025\/01\/Sarah-300x300.jpg 300w, https:\/\/2025.latetedansleweb.org\/wp-content\/uploads\/2025\/01\/Sarah-1024x1024.jpg 1024w, https:\/\/2025.latetedansleweb.org\/wp-content\/uploads\/2025\/01\/Sarah-150x150.jpg 150w, https:\/\/2025.latetedansleweb.org\/wp-content\/uploads\/2025\/01\/Sarah-768x768.jpg 768w, https:\/\/2025.latetedansleweb.org\/wp-content\/uploads\/2025\/01\/Sarah-1536x1536.jpg 1536w, https:\/\/2025.latetedansleweb.org\/wp-content\/uploads\/2025\/01\/Sarah.jpg 2048w\" sizes=\"auto, (max-width: 300px) 100vw, 300px\" \/><\/figure>\n\n\n\n<p class=\"has-text-align-left has-small-font-size\"><strong>Sarah Bachir est une \u00e9tudiante GECI d\u00e9termin\u00e9e et ambitieuse. Elle est cheffe de projet \u00e9ditorial du webzine et poss\u00e8de des comp\u00e9tences en gestion de projet, mais aussi r\u00e9dactionnelles. Ce master en communication lui a permis d&rsquo;\u00eatre assistante Content Manager et R\u00e9dactrice Web chez <a href=\"https:\/\/www.webconversion.fr\/\" data-type=\"link\" data-id=\"https:\/\/www.webconversion.fr\/\">WebConversion<\/a>. Pour d\u00e9couvrir son travail : <a href=\"http:\/\/www.ouhlala-lyon.fr\" data-type=\"link\" data-id=\"www.ouhlala-lyon.fr\">www.ouhlala-lyon.fr<\/a><\/strong><\/p>\n<\/div>\n<\/div>\n\n\n\n<div class=\"wp-block-columns is-layout-flex wp-container-core-columns-is-layout-16 wp-block-columns-is-layout-flex\">\n<div class=\"wp-block-column is-layout-flow wp-block-column-is-layout-flow\">\n<div class=\"wp-block-columns is-layout-flex wp-container-core-columns-is-layout-15 wp-block-columns-is-layout-flex\">\n<div class=\"wp-block-column is-layout-flow wp-block-column-is-layout-flow\"><\/div>\n\n\n\n<div class=\"wp-block-column is-layout-flow wp-block-column-is-layout-flow\"><\/div>\n\n\n\n<div class=\"wp-block-column is-layout-flow wp-block-column-is-layout-flow\"><\/div>\n<\/div>\n<\/div>\n<\/div>\n\n\n\n<div class=\"wp-block-columns profils-equipe is-layout-flex wp-container-core-columns-is-layout-17 wp-block-columns-is-layout-flex\" style=\"padding-top:0;padding-right:0;padding-bottom:0;padding-left:0\">\n<div class=\"wp-block-column is-layout-flow wp-block-column-is-layout-flow\">\n<div class=\"wp-block-buttons is-content-justification-center is-layout-flex wp-container-core-buttons-is-layout-17 wp-block-buttons-is-layout-flex\">\n<div class=\"wp-block-button has-custom-font-size bouton-profils has-medium-font-size\"><a class=\"wp-block-button__link has-palette-color-4-color has-palette-color-2-background-color has-text-color has-background wp-element-button\" style=\"border-radius:50px\"><strong>Ma\u00eblys Peyrard<\/strong><\/a><\/div>\n<\/div>\n\n\n\n<figure class=\"wp-block-image aligncenter size-medium is-resized has-custom-border\"><img loading=\"lazy\" decoding=\"async\" width=\"300\" height=\"300\" src=\"https:\/\/2025.latetedansleweb.org\/wp-content\/uploads\/2025\/01\/Maelys-300x300.jpg\" alt=\"\" class=\"wp-image-881\" style=\"border-radius:24px;object-fit:cover;width:392px;height:342px\" srcset=\"https:\/\/2025.latetedansleweb.org\/wp-content\/uploads\/2025\/01\/Maelys-300x300.jpg 300w, https:\/\/2025.latetedansleweb.org\/wp-content\/uploads\/2025\/01\/Maelys-1024x1024.jpg 1024w, https:\/\/2025.latetedansleweb.org\/wp-content\/uploads\/2025\/01\/Maelys-150x150.jpg 150w, https:\/\/2025.latetedansleweb.org\/wp-content\/uploads\/2025\/01\/Maelys-768x768.jpg 768w, https:\/\/2025.latetedansleweb.org\/wp-content\/uploads\/2025\/01\/Maelys-1536x1536.jpg 1536w, https:\/\/2025.latetedansleweb.org\/wp-content\/uploads\/2025\/01\/Maelys.jpg 2048w\" sizes=\"auto, (max-width: 300px) 100vw, 300px\" \/><\/figure>\n\n\n\n<p class=\"has-text-align-left has-small-font-size\"><strong>Ma\u00eblys Peyrard est une \u00e9tudiante GECI extr\u00eamement m\u00e9thodique et rigoureuse dans son travail, elle constitue un pr\u00e9cieux \u00e9l\u00e9ment au sein de notre \u00e9quipe d\u00e9di\u00e9e au R\u00e9f\u00e9rencement. Elle occupe le r\u00f4le de r\u00e9dactrice en chef, forte d&rsquo;une grande passion pour la r\u00e9daction et effectue son apprentissage en qualit\u00e9 de charg\u00e9e de communication et relation presse au sein de SFR.<\/strong><\/p>\n<\/div>\n\n\n\n<div class=\"wp-block-column is-layout-flow wp-block-column-is-layout-flow\">\n<div class=\"wp-block-buttons is-content-justification-center is-layout-flex wp-container-core-buttons-is-layout-18 wp-block-buttons-is-layout-flex\">\n<div class=\"wp-block-button has-custom-font-size bouton-profils has-medium-font-size\"><a class=\"wp-block-button__link has-palette-color-4-color has-palette-color-2-background-color has-text-color has-background wp-element-button\" style=\"border-radius:50px\"><strong>Maxence Mathon<\/strong><\/a><\/div>\n<\/div>\n\n\n\n<figure class=\"wp-block-image aligncenter size-medium is-resized has-custom-border\"><img loading=\"lazy\" decoding=\"async\" width=\"300\" height=\"300\" src=\"https:\/\/2025.latetedansleweb.org\/wp-content\/uploads\/2025\/01\/Maxence-300x300.jpg\" alt=\"\" class=\"wp-image-880\" style=\"border-radius:21px;object-fit:cover;width:392px;height:342px\" srcset=\"https:\/\/2025.latetedansleweb.org\/wp-content\/uploads\/2025\/01\/Maxence-300x300.jpg 300w, https:\/\/2025.latetedansleweb.org\/wp-content\/uploads\/2025\/01\/Maxence-1024x1024.jpg 1024w, https:\/\/2025.latetedansleweb.org\/wp-content\/uploads\/2025\/01\/Maxence-150x150.jpg 150w, https:\/\/2025.latetedansleweb.org\/wp-content\/uploads\/2025\/01\/Maxence-768x768.jpg 768w, https:\/\/2025.latetedansleweb.org\/wp-content\/uploads\/2025\/01\/Maxence-1536x1536.jpg 1536w, https:\/\/2025.latetedansleweb.org\/wp-content\/uploads\/2025\/01\/Maxence.jpg 2048w\" sizes=\"auto, (max-width: 300px) 100vw, 300px\" \/><\/figure>\n\n\n\n<p class=\"has-text-align-left has-small-font-size\"><strong>Maxence Mathon est un \u00e9tudiant GECI du p\u00f4le R\u00e9f\u00e9rencement, c&rsquo;est un \u00e9l\u00e8ve lucide et cr\u00e9atif avec des comp\u00e9tences en mati\u00e8res de cr\u00e9ations de contenus mais aussi r\u00e9dactionnelles. Pour d\u00e9couvrir son travail : Projet commanditaire.<\/strong><\/p>\n<\/div>\n<\/div>\n\n\n\n<div class=\"wp-block-columns is-layout-flex wp-container-core-columns-is-layout-18 wp-block-columns-is-layout-flex\" style=\"padding-top:0;padding-right:var(--wp--preset--spacing--70);padding-bottom:0;padding-left:var(--wp--preset--spacing--70)\">\n<div class=\"wp-block-column is-layout-flow wp-block-column-is-layout-flow\"><\/div>\n\n\n\n<div class=\"wp-block-column profils-equipe is-layout-flow wp-container-core-column-is-layout-34 wp-block-column-is-layout-flow\" style=\"padding-top:0;padding-right:0;padding-bottom:0;padding-left:0;flex-basis:520px\">\n<div class=\"wp-block-buttons is-content-justification-center is-layout-flex wp-container-core-buttons-is-layout-19 wp-block-buttons-is-layout-flex\">\n<div class=\"wp-block-button has-custom-font-size bouton-profils has-medium-font-size\"><a class=\"wp-block-button__link has-palette-color-4-color has-palette-color-2-background-color has-text-color has-background wp-element-button\" style=\"border-radius:50px\"><strong>Riad Allab<\/strong><\/a><\/div>\n<\/div>\n\n\n\n<figure class=\"wp-block-image aligncenter size-medium is-resized has-custom-border\"><img loading=\"lazy\" decoding=\"async\" width=\"300\" height=\"300\" src=\"https:\/\/2025.latetedansleweb.org\/wp-content\/uploads\/2025\/01\/Riad-300x300.jpg\" alt=\"\" class=\"wp-image-882\" style=\"border-radius:21px;object-fit:cover;width:392px;height:342px\" srcset=\"https:\/\/2025.latetedansleweb.org\/wp-content\/uploads\/2025\/01\/Riad-300x300.jpg 300w, https:\/\/2025.latetedansleweb.org\/wp-content\/uploads\/2025\/01\/Riad-1024x1024.jpg 1024w, https:\/\/2025.latetedansleweb.org\/wp-content\/uploads\/2025\/01\/Riad-150x150.jpg 150w, https:\/\/2025.latetedansleweb.org\/wp-content\/uploads\/2025\/01\/Riad-768x768.jpg 768w, https:\/\/2025.latetedansleweb.org\/wp-content\/uploads\/2025\/01\/Riad-1536x1536.jpg 1536w, https:\/\/2025.latetedansleweb.org\/wp-content\/uploads\/2025\/01\/Riad.jpg 2048w\" sizes=\"auto, (max-width: 300px) 100vw, 300px\" \/><\/figure>\n\n\n\n<p class=\"has-text-align-left has-small-font-size\"><strong>Riad Allab, \u00e9tudiant du Master GECI, est un \u00e9l\u00e8ve intelligent et m\u00e9thodique. Il attache une grande importance \u00e0 ce que le travail soit achev\u00e9 dans les d\u00e9lais, le tout dans un environnement professionnel et plaisant. Il met \u00e0 profit ses comp\u00e9tences au sein de l&rsquo;\u00e9quipe de R\u00e9f\u00e9rencement du Webzine.<\/strong><\/p>\n<\/div>\n\n\n\n<div class=\"wp-block-column is-layout-flow wp-block-column-is-layout-flow\"><\/div>\n<\/div>\n\n\n\n<div style=\"height:40px\" aria-hidden=\"true\" class=\"wp-block-spacer\"><\/div>\n\n\n\n<div class=\"wp-block-columns is-layout-flex wp-container-core-columns-is-layout-19 wp-block-columns-is-layout-flex\">\n<div class=\"wp-block-column is-layout-flow wp-block-column-is-layout-flow\">\n<div class=\"wp-block-buttons is-content-justification-center is-layout-flex wp-container-core-buttons-is-layout-20 wp-block-buttons-is-layout-flex\">\n<div class=\"wp-block-button has-custom-font-size has-medium-font-size\" id=\"technique\"><a class=\"wp-block-button__link has-palette-color-4-color has-palette-color-2-background-color has-text-color has-background wp-element-button\" style=\"border-radius:50px\"><strong>P\u00f4le technique<\/strong><\/a><\/div>\n<\/div>\n<\/div>\n<\/div>\n\n\n\n<p><strong>Notre P\u00f4le technique con\u00e7oit et maintient les solutions technologiques essentielles au projet. Il garantit la performance, l\u2019innovation et l\u2019adaptabilit\u00e9 des outils<\/strong>.<\/p>\n\n\n\n<div class=\"wp-block-columns profils-equipe is-layout-flex wp-container-core-columns-is-layout-20 wp-block-columns-is-layout-flex\">\n<div class=\"wp-block-column profils-equipe is-layout-flow wp-block-column-is-layout-flow\">\n<div class=\"wp-block-buttons is-content-justification-center is-layout-flex wp-container-core-buttons-is-layout-21 wp-block-buttons-is-layout-flex\">\n<div class=\"wp-block-button has-custom-font-size bouton-profils has-medium-font-size\"><a class=\"wp-block-button__link has-palette-color-4-color has-palette-color-2-background-color has-text-color has-background wp-element-button\" style=\"border-radius:50px\"><strong>L\u00e9a Denizot<\/strong><\/a><\/div>\n<\/div>\n\n\n\n<figure class=\"wp-block-image aligncenter size-large is-resized has-custom-border\" id=\"pole_technique\"><img loading=\"lazy\" decoding=\"async\" width=\"1024\" height=\"1024\" src=\"https:\/\/2025.latetedansleweb.org\/wp-content\/uploads\/2025\/01\/Lea-1024x1024.jpg\" alt=\"\" class=\"wp-image-2180\" style=\"border-radius:21px;object-fit:cover;width:392px;height:342px\" srcset=\"https:\/\/2025.latetedansleweb.org\/wp-content\/uploads\/2025\/01\/Lea-1024x1024.jpg 1024w, https:\/\/2025.latetedansleweb.org\/wp-content\/uploads\/2025\/01\/Lea-300x300.jpg 300w, https:\/\/2025.latetedansleweb.org\/wp-content\/uploads\/2025\/01\/Lea-150x150.jpg 150w, https:\/\/2025.latetedansleweb.org\/wp-content\/uploads\/2025\/01\/Lea-768x768.jpg 768w, https:\/\/2025.latetedansleweb.org\/wp-content\/uploads\/2025\/01\/Lea-1536x1536.jpg 1536w, https:\/\/2025.latetedansleweb.org\/wp-content\/uploads\/2025\/01\/Lea.jpg 2048w\" sizes=\"auto, (max-width: 1024px) 100vw, 1024px\" \/><\/figure>\n\n\n\n<p class=\"has-text-align-left has-small-font-size\"><strong>L\u00e9a Denizot, responsable du p\u00f4le Technique est une \u00e9tudiante GECI conscencieuse et perfectionniste. Elle fait preuve de comp\u00e9tences en cr\u00e9ation graphique et en gestion de projet. Ces \u00e9tudes en communication lui ont d&rsquo;ailleurs permis d&rsquo;\u00eatre assistante en ing\u00e9nierie p\u00e9dagogique chez <a href=\"https:\/\/www.dekra.fr\/\">DEKRA<\/a>. Pour d\u00e9couvrir son travail : Projet commanditaire et (lien portfolio).<\/strong><\/p>\n<\/div>\n\n\n\n<div class=\"wp-block-column is-layout-flow wp-block-column-is-layout-flow\">\n<div class=\"wp-block-buttons is-content-justification-center is-layout-flex wp-container-core-buttons-is-layout-22 wp-block-buttons-is-layout-flex\">\n<div class=\"wp-block-button has-custom-font-size bouton-profils has-medium-font-size\"><a class=\"wp-block-button__link has-palette-color-4-color has-palette-color-2-background-color has-text-color has-background wp-element-button\" style=\"border-radius:50px\"><strong>Alvin Badila Milandou<\/strong><\/a><\/div>\n<\/div>\n\n\n\n<figure class=\"wp-block-image aligncenter size-large is-resized has-custom-border\"><img loading=\"lazy\" decoding=\"async\" width=\"1024\" height=\"1024\" src=\"https:\/\/2025.latetedansleweb.org\/wp-content\/uploads\/2025\/01\/Alvin-1024x1024.jpg\" alt=\"\" class=\"wp-image-884\" style=\"border-radius:21px;object-fit:cover;width:392px;height:342px\" srcset=\"https:\/\/2025.latetedansleweb.org\/wp-content\/uploads\/2025\/01\/Alvin-1024x1024.jpg 1024w, https:\/\/2025.latetedansleweb.org\/wp-content\/uploads\/2025\/01\/Alvin-300x300.jpg 300w, https:\/\/2025.latetedansleweb.org\/wp-content\/uploads\/2025\/01\/Alvin-150x150.jpg 150w, https:\/\/2025.latetedansleweb.org\/wp-content\/uploads\/2025\/01\/Alvin-768x768.jpg 768w, https:\/\/2025.latetedansleweb.org\/wp-content\/uploads\/2025\/01\/Alvin-1536x1536.jpg 1536w, https:\/\/2025.latetedansleweb.org\/wp-content\/uploads\/2025\/01\/Alvin.jpg 2048w\" sizes=\"auto, (max-width: 1024px) 100vw, 1024px\" \/><\/figure>\n\n\n\n<p class=\"has-text-align-left has-small-font-size\"><strong>Alvin Badila Milandou, suppl\u00e9ant au sein du p\u00f4le Technique est un \u00e9tudiant GECI sociable avec un fort esprit d&rsquo;\u00e9quipe. Il fait notamment preuve de comp\u00e9tences r\u00e9dactionnelles et aussi en mati\u00e8re de HTML\/CSS. Pour d\u00e9couvrir son travail : Projet commanditaire.<\/strong><\/p>\n<\/div>\n<\/div>\n\n\n\n<div class=\"wp-block-columns profils-equipe is-layout-flex wp-container-core-columns-is-layout-21 wp-block-columns-is-layout-flex\">\n<div class=\"wp-block-column is-layout-flow wp-block-column-is-layout-flow\">\n<div class=\"wp-block-buttons is-content-justification-center is-layout-flex wp-container-core-buttons-is-layout-23 wp-block-buttons-is-layout-flex\">\n<div class=\"wp-block-button has-custom-font-size bouton-profils has-medium-font-size\"><a class=\"wp-block-button__link has-palette-color-4-color has-palette-color-2-background-color has-text-color has-background wp-element-button\" style=\"border-radius:50px\"><strong>Matthew Lallou\u00e9<\/strong><\/a><\/div>\n<\/div>\n\n\n\n<figure class=\"wp-block-image aligncenter size-large is-resized has-custom-border\"><img loading=\"lazy\" decoding=\"async\" width=\"1024\" height=\"1024\" src=\"https:\/\/2025.latetedansleweb.org\/wp-content\/uploads\/2025\/01\/Matthew-1-1024x1024.jpg\" alt=\"\" class=\"wp-image-906\" style=\"border-radius:24px;object-fit:cover;width:392px;height:343px\" srcset=\"https:\/\/2025.latetedansleweb.org\/wp-content\/uploads\/2025\/01\/Matthew-1-1024x1024.jpg 1024w, https:\/\/2025.latetedansleweb.org\/wp-content\/uploads\/2025\/01\/Matthew-1-300x300.jpg 300w, https:\/\/2025.latetedansleweb.org\/wp-content\/uploads\/2025\/01\/Matthew-1-150x150.jpg 150w, https:\/\/2025.latetedansleweb.org\/wp-content\/uploads\/2025\/01\/Matthew-1-768x768.jpg 768w, https:\/\/2025.latetedansleweb.org\/wp-content\/uploads\/2025\/01\/Matthew-1-1536x1536.jpg 1536w, https:\/\/2025.latetedansleweb.org\/wp-content\/uploads\/2025\/01\/Matthew-1.jpg 1700w\" sizes=\"auto, (max-width: 1024px) 100vw, 1024px\" \/><\/figure>\n\n\n\n<p class=\"has-text-align-left has-small-font-size\"><strong>Matthew Lallou\u00e9 est un \u00e9tudiant GECI du p\u00f4le Technique sur qui on peut compter et avec de fortes comp\u00e9tences en mati\u00e8re de d\u00e9veloppement web (HTML\/CSS\/JavaScript\/PHP). C&rsquo;est une personne ponctuelle et \u00e0 l&rsquo;aise \u00e0 l&rsquo;oral. Dans le cadre du master, il r\u00e9alise une alternance en tant qu&rsquo;<a href=\"https:\/\/assistance.utilisateur-relationclient.sfrbusiness.fr\/\" data-type=\"link\" data-id=\"https:\/\/assistance.utilisateur-relationclient.sfrbusiness.fr\/\" target=\"_blank\" rel=\"noreferrer noopener\">infographiste chez SFR Business<\/a> o\u00f9 il travaille sur la refonte du site en veillant \u00e0 son accessibilit\u00e9 et \u00e0 sa modernit\u00e9. Passionn\u00e9 par la cr\u00e9ation visuelle, il excelle dans la photo et la vid\u00e9o. Retrouvez ses r\u00e9alisations sur <\/strong><a href=\"https:\/\/www.youtube.com\/@IMatshew\" data-type=\"link\" data-id=\"https:\/\/www.youtube.com\/@IMatshew\" target=\"_blank\" rel=\"noreferrer noopener\"><strong>sa cha\u00eene YouTube <\/strong><\/a><\/p>\n<\/div>\n\n\n\n<div class=\"wp-block-column is-layout-flow wp-block-column-is-layout-flow\">\n<div class=\"wp-block-buttons is-content-justification-center is-layout-flex wp-container-core-buttons-is-layout-24 wp-block-buttons-is-layout-flex\">\n<div class=\"wp-block-button has-custom-font-size bouton-profils has-medium-font-size\"><a class=\"wp-block-button__link has-palette-color-4-color has-palette-color-2-background-color has-text-color has-background wp-element-button\" style=\"border-radius:50px\"><strong>Lucie Bompart<\/strong><\/a><\/div>\n<\/div>\n\n\n\n<figure class=\"wp-block-image aligncenter size-medium is-resized has-custom-border\"><img loading=\"lazy\" decoding=\"async\" width=\"300\" height=\"300\" src=\"https:\/\/2025.latetedansleweb.org\/wp-content\/uploads\/2025\/01\/Lucie-300x300.jpg\" alt=\"\" class=\"wp-image-886\" style=\"border-radius:21px;object-fit:cover;width:392px;height:342px\" srcset=\"https:\/\/2025.latetedansleweb.org\/wp-content\/uploads\/2025\/01\/Lucie-300x300.jpg 300w, https:\/\/2025.latetedansleweb.org\/wp-content\/uploads\/2025\/01\/Lucie-1024x1024.jpg 1024w, https:\/\/2025.latetedansleweb.org\/wp-content\/uploads\/2025\/01\/Lucie-150x150.jpg 150w, https:\/\/2025.latetedansleweb.org\/wp-content\/uploads\/2025\/01\/Lucie-768x768.jpg 768w, https:\/\/2025.latetedansleweb.org\/wp-content\/uploads\/2025\/01\/Lucie-1536x1536.jpg 1536w, https:\/\/2025.latetedansleweb.org\/wp-content\/uploads\/2025\/01\/Lucie.jpg 2048w\" sizes=\"auto, (max-width: 300px) 100vw, 300px\" \/><\/figure>\n\n\n\n<p class=\"has-text-align-left has-small-font-size\"><strong>Lucie Bompart, \u0153uvrant au sein du p\u00f4le Technique est une \u00e9tudiante GECI sur qui l&rsquo;on peut compter, cr\u00e9ative et \u00e0 l&rsquo;aise en mati\u00e8re de cr\u00e9ation graphique et Motion Design. Elle r\u00e9alise dans le cadre de ce master en communication une alternance en tant qu&rsquo;assistante de communication chez <a href=\"https:\/\/www.capitecorpus.com\/\">Capite Corpus<\/a>. Pour d\u00e9couvrir son travail : Projet commanditaire et <a href=\"https:\/\/2025.latetedansleweb.org\/\">affiche<\/a>.<\/strong><\/p>\n<\/div>\n<\/div>\n\n\n\n<div class=\"wp-block-columns profils-equipe is-layout-flex wp-container-core-columns-is-layout-22 wp-block-columns-is-layout-flex\">\n<div class=\"wp-block-column profils-equipe is-layout-flow wp-block-column-is-layout-flow\">\n<div class=\"wp-block-buttons is-content-justification-center is-layout-flex wp-container-core-buttons-is-layout-25 wp-block-buttons-is-layout-flex\">\n<div class=\"wp-block-button has-custom-font-size bouton-profils has-medium-font-size\"><a class=\"wp-block-button__link has-palette-color-4-color has-palette-color-2-background-color has-text-color has-background wp-element-button\" style=\"border-radius:50px\"><strong>Gregg Gauthe<\/strong><\/a><\/div>\n<\/div>\n\n\n\n<figure class=\"wp-block-image aligncenter size-medium is-resized has-custom-border\"><img loading=\"lazy\" decoding=\"async\" width=\"300\" height=\"300\" src=\"https:\/\/2025.latetedansleweb.org\/wp-content\/uploads\/2025\/01\/Gregg-300x300.jpg\" alt=\"\" class=\"wp-image-887\" style=\"border-radius:21px;object-fit:cover;width:392px;height:342px\" srcset=\"https:\/\/2025.latetedansleweb.org\/wp-content\/uploads\/2025\/01\/Gregg-300x300.jpg 300w, https:\/\/2025.latetedansleweb.org\/wp-content\/uploads\/2025\/01\/Gregg-1024x1024.jpg 1024w, https:\/\/2025.latetedansleweb.org\/wp-content\/uploads\/2025\/01\/Gregg-150x150.jpg 150w, https:\/\/2025.latetedansleweb.org\/wp-content\/uploads\/2025\/01\/Gregg-768x768.jpg 768w, https:\/\/2025.latetedansleweb.org\/wp-content\/uploads\/2025\/01\/Gregg-1536x1536.jpg 1536w, https:\/\/2025.latetedansleweb.org\/wp-content\/uploads\/2025\/01\/Gregg.jpg 2048w\" sizes=\"auto, (max-width: 300px) 100vw, 300px\" \/><\/figure>\n\n\n\n<p class=\"has-text-align-left has-small-font-size\"><strong>Gregg Gauthe est un \u00e9tudiant GECI du p\u00f4le Technique. C&rsquo;est une personne ponctuel et polyvalent faisant preuve d&rsquo;autonomie et de comp\u00e9tences en r\u00e9daction web et graphisme. Pour d\u00e9couvrir son travail : Projet commanditaire.<\/strong><\/p>\n<\/div>\n\n\n\n<div class=\"wp-block-column is-layout-flow wp-block-column-is-layout-flow\">\n<div class=\"wp-block-buttons is-content-justification-center is-layout-flex wp-container-core-buttons-is-layout-26 wp-block-buttons-is-layout-flex\">\n<div class=\"wp-block-button has-custom-font-size bouton-profils has-medium-font-size\"><a class=\"wp-block-button__link has-palette-color-4-color has-palette-color-2-background-color has-text-color has-background wp-element-button\" style=\"border-radius:50px\"><strong>Marine Moulin<\/strong><\/a><\/div>\n<\/div>\n\n\n\n<figure class=\"wp-block-image aligncenter size-medium is-resized has-custom-border\"><img loading=\"lazy\" decoding=\"async\" width=\"300\" height=\"300\" src=\"https:\/\/2025.latetedansleweb.org\/wp-content\/uploads\/2025\/01\/Marine-300x300.jpg\" alt=\"\" class=\"wp-image-888\" style=\"border-radius:24px;object-fit:cover;width:392px;height:342px\" srcset=\"https:\/\/2025.latetedansleweb.org\/wp-content\/uploads\/2025\/01\/Marine-300x300.jpg 300w, https:\/\/2025.latetedansleweb.org\/wp-content\/uploads\/2025\/01\/Marine-1024x1024.jpg 1024w, https:\/\/2025.latetedansleweb.org\/wp-content\/uploads\/2025\/01\/Marine-150x150.jpg 150w, https:\/\/2025.latetedansleweb.org\/wp-content\/uploads\/2025\/01\/Marine-768x768.jpg 768w, https:\/\/2025.latetedansleweb.org\/wp-content\/uploads\/2025\/01\/Marine-1536x1536.jpg 1536w, https:\/\/2025.latetedansleweb.org\/wp-content\/uploads\/2025\/01\/Marine.jpg 2048w\" sizes=\"auto, (max-width: 300px) 100vw, 300px\" \/><\/figure>\n\n\n\n<p class=\"has-text-align-left has-small-font-size\"><strong>Marine Moulin est une \u00e9tudiante GECI, elle fait partie du p\u00f4le Technique du Webzine cette ann\u00e9e. Elle a des comp\u00e9tences en cr\u00e9ation de contenus ainsi que des qualit\u00e9s r\u00e9dactionnelles. Elle est reconnue comme dynamique et franche. Pour d\u00e9couvrir son travail : Projet commanditaire<\/strong><\/p>\n<\/div>\n<\/div>\n\n\n\n<div class=\"wp-block-columns is-layout-flex wp-container-core-columns-is-layout-23 wp-block-columns-is-layout-flex\">\n<div class=\"wp-block-column is-layout-flow wp-block-column-is-layout-flow\"><\/div>\n\n\n\n<div class=\"wp-block-column profils-equipe is-layout-flow wp-block-column-is-layout-flow\" style=\"padding-right:var(--wp--preset--spacing--50);padding-left:var(--wp--preset--spacing--50);flex-basis:520px\">\n<div class=\"wp-block-buttons is-content-justification-center is-layout-flex wp-container-core-buttons-is-layout-27 wp-block-buttons-is-layout-flex\">\n<div class=\"wp-block-button has-custom-font-size bouton-profils has-medium-font-size\"><a class=\"wp-block-button__link has-palette-color-4-color has-palette-color-2-background-color has-text-color has-background wp-element-button\" style=\"border-radius:50px\"><strong>Sandrine Martinez<\/strong><\/a><\/div>\n<\/div>\n\n\n\n<figure class=\"wp-block-image aligncenter size-medium is-resized has-custom-border\"><img loading=\"lazy\" decoding=\"async\" width=\"300\" height=\"300\" src=\"https:\/\/2025.latetedansleweb.org\/wp-content\/uploads\/2025\/01\/Sandra-300x300.jpg\" alt=\"\" class=\"wp-image-889\" style=\"border-radius:21px;object-fit:cover;width:392px;height:342px\" srcset=\"https:\/\/2025.latetedansleweb.org\/wp-content\/uploads\/2025\/01\/Sandra-300x300.jpg 300w, https:\/\/2025.latetedansleweb.org\/wp-content\/uploads\/2025\/01\/Sandra-1024x1024.jpg 1024w, https:\/\/2025.latetedansleweb.org\/wp-content\/uploads\/2025\/01\/Sandra-150x150.jpg 150w, https:\/\/2025.latetedansleweb.org\/wp-content\/uploads\/2025\/01\/Sandra-768x768.jpg 768w, https:\/\/2025.latetedansleweb.org\/wp-content\/uploads\/2025\/01\/Sandra-1536x1536.jpg 1536w, https:\/\/2025.latetedansleweb.org\/wp-content\/uploads\/2025\/01\/Sandra.jpg 2048w\" sizes=\"auto, (max-width: 300px) 100vw, 300px\" \/><\/figure>\n\n\n\n<p class=\"has-text-align-left has-small-font-size\"><strong>Sandrine Martinez est une \u00e9tudiante GECI tr\u00e8s engag\u00e9e dans ses \u00e9tudes. El\u00e8ve tr\u00e8s organis\u00e9e, elle a con\u00e7u le site internet au sein de l&rsquo;\u00e9quipe Technique gr\u00e2ce \u00e0 ses comp\u00e9tences en HTML\/CSS. Elle occupe le poste de Community Manager chez Simone et Lucie tout en poursuivant ses \u00e9tudes. Vous pouvez d\u00e9couvrir son travail <a href=\"https:\/\/www.instagram.com\/simoneetlucie_\/?next=https%3A%2F%2Fwww.instagram.com%2Faccounts%2Fedit%2F%3F__coig_login%3D1\">ici<\/a>. <\/strong><\/p>\n\n\n\n<div style=\"height:100px\" aria-hidden=\"true\" class=\"wp-block-spacer\"><\/div>\n<\/div>\n\n\n\n<div class=\"wp-block-column is-layout-flow wp-block-column-is-layout-flow\"><\/div>\n<\/div>\n\n\n\n<div class=\"wp-block-columns is-layout-flex wp-container-core-columns-is-layout-24 wp-block-columns-is-layout-flex\">\n<div class=\"wp-block-column is-layout-flow wp-block-column-is-layout-flow\">\n<div class=\"wp-block-buttons is-content-justification-center is-layout-flex wp-container-core-buttons-is-layout-28 wp-block-buttons-is-layout-flex\"><\/div>\n<\/div>\n<\/div>\n<\/div>\n\n\n\n<p>&nbsp;<\/p>\n\n\n\n<p><\/p>\n","protected":false},"excerpt":{"rendered":"<p>NOS PROFILS Cheffes de projet P\u00f4le webdesign P\u00f4le technique P\u00f4le r\u00e9f\u00e9rencement Elles assurent une communication fluide entre les \u00e9quipes, anticipent les risques et apportent des solutions adapt\u00e9es pour r\u00e9pondre aux besoins. Ce p\u00f4le incarne la rigueur, la cr\u00e9ativit\u00e9 et l&rsquo;agilit\u00e9 n\u00e9cessaires pour mener \u00e0 bien les projets. Ma\u00eblle Dufresnes, qui fait partie de la promotion [&hellip;]<\/p>\n","protected":false},"author":2,"featured_media":0,"parent":0,"menu_order":0,"comment_status":"closed","ping_status":"closed","template":"","meta":{"_seopress_robots_primary_cat":"","_seopress_titles_title":"","_seopress_titles_desc":"","_seopress_robots_index":"","inline_featured_image":false,"footnotes":""},"class_list":["post-34","page","type-page","status-publish","hentry"],"blocksy_meta":{"content_style_source":"custom","content_style":"boxed","styles_descriptor":{"styles":{"desktop":"[data-prefix=\"single_page\"] [class*=\"ct-container\"] > article[class*=\"post\"] {--has-boxed:var(--true);--has-wide:var(--false);background-color:var(--has-background, var(--theme-palette-color-8));--theme-boxed-content-border-radius:3px;--theme-boxed-content-spacing:40px;--theme-boxed-content-box-shadow:0px 12px 18px -6px rgba(34, 56, 101, 0.04);}","tablet":"[data-prefix=\"single_page\"] [class*=\"ct-container\"] > article[class*=\"post\"] {--theme-boxed-content-spacing:35px;}","mobile":"[data-prefix=\"single_page\"] [class*=\"ct-container\"] > article[class*=\"post\"] {--theme-boxed-content-spacing:20px;}"},"google_fonts":[],"version":6}},"_links":{"self":[{"href":"https:\/\/2025.latetedansleweb.org\/index.php\/wp-json\/wp\/v2\/pages\/34","targetHints":{"allow":["GET"]}}],"collection":[{"href":"https:\/\/2025.latetedansleweb.org\/index.php\/wp-json\/wp\/v2\/pages"}],"about":[{"href":"https:\/\/2025.latetedansleweb.org\/index.php\/wp-json\/wp\/v2\/types\/page"}],"author":[{"embeddable":true,"href":"https:\/\/2025.latetedansleweb.org\/index.php\/wp-json\/wp\/v2\/users\/2"}],"replies":[{"embeddable":true,"href":"https:\/\/2025.latetedansleweb.org\/index.php\/wp-json\/wp\/v2\/comments?post=34"}],"version-history":[{"count":171,"href":"https:\/\/2025.latetedansleweb.org\/index.php\/wp-json\/wp\/v2\/pages\/34\/revisions"}],"predecessor-version":[{"id":3308,"href":"https:\/\/2025.latetedansleweb.org\/index.php\/wp-json\/wp\/v2\/pages\/34\/revisions\/3308"}],"wp:attachment":[{"href":"https:\/\/2025.latetedansleweb.org\/index.php\/wp-json\/wp\/v2\/media?parent=34"}],"curies":[{"name":"wp","href":"https:\/\/api.w.org\/{rel}","templated":true}]}}