{"id":28,"date":"2024-12-26T22:02:59","date_gmt":"2024-12-26T21:02:59","guid":{"rendered":"https:\/\/2025.latetedansleweb.org\/wordpress\/?page_id=28"},"modified":"2025-01-29T20:58:11","modified_gmt":"2025-01-29T19:58:11","slug":"enseignants","status":"publish","type":"page","link":"https:\/\/2025.latetedansleweb.org\/index.php\/enseignants\/","title":{"rendered":"Les enseignants"},"content":{"rendered":"\n<h1 class=\"wp-block-heading has-text-align-center evenements_h1\" style=\"font-size:clamp(24.034px, 1.502rem + ((1vw - 3.2px) * 1.247), 40px);font-style:normal;font-weight:800\">LES ENSEIGNANTS<\/h1>\n\n\n\n<div class=\"wp-block-columns is-layout-flex wp-container-core-columns-is-layout-1 wp-block-columns-is-layout-flex\">\n<div class=\"wp-block-column is-layout-flow wp-block-column-is-layout-flow\" style=\"flex-basis:100%\">\n<h2 class=\"wp-block-heading has-text-align-center h2-page-v2\" style=\"margin-top:var(--wp--preset--spacing--30);margin-bottom:6.06rem;font-size:clamp(21.536px, 1.346rem + ((1vw - 3.2px) * 1.052), 35px);\"><strong>Les enseignants dispensant des cours en Master GECI<\/strong><\/h2>\n<\/div>\n<\/div>\n\n\n\n<p>Nous vous invitons \u00e0 d\u00e9couvrir ceux qui vous accompagneront tout au long du <strong>Master GECI<\/strong> : des <strong>enseignant.es<\/strong> passionn\u00e9.es aux profils compl\u00e9mentaires. Leur objectif ? Vous transmettre non seulement des connaissances acad\u00e9miques, mais aussi des comp\u00e9tences directement applicables dans le monde professionnel. Voici leurs parcours et leurs domaines d\u2019enseignement<\/p>\n\n\n\n<div class=\"wp-block-media-text is-stacked-on-mobile\" style=\"grid-template-columns:40% auto\"><figure class=\"wp-block-media-text__media\"><img loading=\"lazy\" decoding=\"async\" width=\"1024\" height=\"1024\" src=\"http:\/\/2025.latetedansleweb.org\/wp-content\/uploads\/2025\/01\/6342523-1024x1024.jpg\" alt=\"\" class=\"wp-image-1960 size-full\" srcset=\"https:\/\/2025.latetedansleweb.org\/wp-content\/uploads\/2025\/01\/6342523-1024x1024.jpg 1024w, https:\/\/2025.latetedansleweb.org\/wp-content\/uploads\/2025\/01\/6342523-300x300.jpg 300w, https:\/\/2025.latetedansleweb.org\/wp-content\/uploads\/2025\/01\/6342523-150x150.jpg 150w, https:\/\/2025.latetedansleweb.org\/wp-content\/uploads\/2025\/01\/6342523-768x768.jpg 768w, https:\/\/2025.latetedansleweb.org\/wp-content\/uploads\/2025\/01\/6342523-1536x1536.jpg 1536w, https:\/\/2025.latetedansleweb.org\/wp-content\/uploads\/2025\/01\/6342523.jpg 2000w\" sizes=\"auto, (max-width: 1024px) 100vw, 1024px\" \/><\/figure><div class=\"wp-block-media-text__content\">\n<h3 class=\"wp-block-heading\"><strong>Strat\u00e9gie de communication et marketing<\/strong><\/h3>\n\n\n\n<h4 class=\"wp-block-heading enseignants-h4\" style=\"padding-top:var(--wp--preset--spacing--20);padding-bottom:var(--wp--preset--spacing--20);font-size:clamp(0.984rem, 0.984rem + ((1vw - 0.2rem) * 0.645), 1.5rem);\"><span>Laurent DEGETZ<\/span><\/h4>\n\n\n\n<p>Vous vous posez des questions sur <strong>la gestion de projet web<\/strong> ? Laurent Degetz est votre interlocuteur privil\u00e9gi\u00e9 ! Fort de 19 ans d&rsquo;exp\u00e9rience entrepreneuriale, avec son agence web Solire, il veille \u00e0 int\u00e9grer les notions d\u2019<strong>accessibilit\u00e9 et d\u2019\u00e9co-conception <\/strong>dans ses projets et ses enseignements. C\u2019est \u00e9galement lui qui encadre les projets individuels et le projet collectif du <strong>webzine<\/strong> \u201cla t\u00eate dans le web\u201d.<\/p>\n\n\n\n<h4 class=\"wp-block-heading enseignants-h4\" style=\"font-size:clamp(0.984rem, 0.984rem + ((1vw - 0.2rem) * 0.645), 1.5rem);\"><span>Philippe Combet : Webmarketing<\/span><\/h4>\n\n\n\n<p>Avec une carri\u00e8re jalonn\u00e9e d\u2019exp\u00e9riences dans l\u2019univers du web, Philippe Combet incarne la passion et le savoir-faire. \u00c0 la t\u00eate d\u2019Adosis, son agence digitale et marketing cr\u00e9\u00e9e en 2004, il intervient parall\u00e8lement dans le master Geci pour transmettre son expertise en <strong>Webmarketing<\/strong>.<\/p>\n\n\n\n<h4 class=\"wp-block-heading has-text-align-left enseignants-h4\" style=\"margin-top:0;margin-bottom:0;padding-top:0;padding-bottom:0;font-size:clamp(0.984rem, 0.984rem + ((1vw - 0.2rem) * 0.645), 1.5rem);\"><span>Nicolas Coursier : Strat\u00e9gie de communication et usages des<\/span><\/h4>\n\n\n\n<h4 class=\"wp-block-heading has-text-align-left enseignants-h4\" style=\"margin-top:var(--wp--preset--spacing--40);padding-top:0;font-size:clamp(16.293px, 1.018rem + ((1vw - 3.2px) * 0.68), 25px);\"><span>r\u00e9seaux sociaux num\u00e9riques<\/span><\/h4>\n\n\n\n<p>Sp\u00e9cialiste en communication 360\u00b0 et webmaster pour la Ville de Bron, Nicolas Coursier partage avec passion ses connaissances en <strong>strat\u00e9gie de communication<\/strong> au sein du master. Il explore \u00e9galement les tendances et usages des<strong> r\u00e9seaux sociaux.<\/strong><\/p>\n<\/div><\/div>\n\n\n\n<div class=\"wp-block-media-text has-media-on-the-right is-stacked-on-mobile\" style=\"grid-template-columns:auto 40%\"><div class=\"wp-block-media-text__content\">\n<h3 class=\"wp-block-heading\"><strong>Conception et production<\/strong><\/h3>\n\n\n\n<h4 class=\"wp-block-heading enseignants-h4\" style=\"font-size:clamp(0.984rem, 0.984rem + ((1vw - 0.2rem) * 0.645), 1.5rem);\"><span>Laurent Chevassu : Techniques d\u2019int\u00e9gration<\/span><\/h4>\n\n\n\n<p>Laurent Chevassu enseigne les<strong> techniques d\u2019int\u00e9gration<\/strong> \u00e0 l\u2019Universit\u00e9 Lumi\u00e8re Lyon 2 depuis 2014, tout en dirigeant Alpha Studio, qu\u2019il a fond\u00e9 en 2001. Expert en <strong>d\u00e9veloppement web<\/strong> et conception multim\u00e9dia, il saura vous guider dans l\u2019apprentissage du <strong>HTML<\/strong>, du <strong>CSS,<\/strong> de <strong>JavaScript<\/strong> et de <strong>WordPress<\/strong>.<\/p>\n\n\n\n<h4 class=\"wp-block-heading enseignants-h4\" style=\"font-size:clamp(0.984rem, 0.984rem + ((1vw - 0.2rem) * 0.645), 1.5rem);\"><span>Vanessa Sant&rsquo;Andre : Webdesign et conception des interfaces<\/span><\/h4>\n\n\n\n<p>Vanessa Sant\u2019Andre, formatrice ind\u00e9pendante et consultante en<strong> UX\/UI<\/strong> et <strong>accessibilit\u00e9 num\u00e9rique<\/strong>, enseigne les principes du design centr\u00e9 sur l\u2019utilisateur.trice. Elle sensibilise les \u00e9tudiants \u00e0 l\u2019importance de concevoir des <strong>interfaces inclusives<\/strong> et efficaces dans un environnement num\u00e9rique en constante \u00e9volution.<\/p>\n\n\n\n<h4 class=\"wp-block-heading enseignants-h4\" style=\"font-size:clamp(0.984em, 0.984rem + ((1vw - 0.2em) * 0.645), 1.5em);\"><span>Laurent Blanchon : Conception \u00e9ditoriale &#8211; r\u00e9daction web<\/span><\/h4>\n\n\n\n<p>Responsable du p\u00f4le \u00e9ditorial, communication et du marketing territorial de Saint-\u00c9tienne M\u00e9tropole, Laurent apporte une expertise pr\u00e9cieuse sur les <strong>strat\u00e9gies \u00e9ditoriales<\/strong> et la communication institutionnelle. Il partage des cas concrets li\u00e9s \u00e0 son exp\u00e9rience professionnelle. Il nous accompagne dans la <strong>gestion \u00e9ditoriale<\/strong> du Webzine.<\/p>\n<\/div><figure class=\"wp-block-media-text__media\"><img loading=\"lazy\" decoding=\"async\" width=\"1024\" height=\"1024\" src=\"http:\/\/2025.latetedansleweb.org\/wp-content\/uploads\/2025\/01\/5030031-1024x1024.jpg\" alt=\"\" class=\"wp-image-1959 size-full\" srcset=\"https:\/\/2025.latetedansleweb.org\/wp-content\/uploads\/2025\/01\/5030031-1024x1024.jpg 1024w, https:\/\/2025.latetedansleweb.org\/wp-content\/uploads\/2025\/01\/5030031-300x300.jpg 300w, https:\/\/2025.latetedansleweb.org\/wp-content\/uploads\/2025\/01\/5030031-150x150.jpg 150w, https:\/\/2025.latetedansleweb.org\/wp-content\/uploads\/2025\/01\/5030031-768x768.jpg 768w, https:\/\/2025.latetedansleweb.org\/wp-content\/uploads\/2025\/01\/5030031-1536x1536.jpg 1536w, https:\/\/2025.latetedansleweb.org\/wp-content\/uploads\/2025\/01\/5030031.jpg 2000w\" sizes=\"auto, (max-width: 1024px) 100vw, 1024px\" \/><\/figure><\/div>\n\n\n\n<div class=\"wp-block-media-text is-stacked-on-mobile\" style=\"grid-template-columns:40% auto\"><figure class=\"wp-block-media-text__media\"><img loading=\"lazy\" decoding=\"async\" width=\"1024\" height=\"1024\" src=\"http:\/\/2025.latetedansleweb.org\/wp-content\/uploads\/2025\/01\/4300580-1024x1024.jpg\" alt=\"\" class=\"wp-image-1957 size-full\" srcset=\"https:\/\/2025.latetedansleweb.org\/wp-content\/uploads\/2025\/01\/4300580-1024x1024.jpg 1024w, https:\/\/2025.latetedansleweb.org\/wp-content\/uploads\/2025\/01\/4300580-300x300.jpg 300w, https:\/\/2025.latetedansleweb.org\/wp-content\/uploads\/2025\/01\/4300580-150x150.jpg 150w, https:\/\/2025.latetedansleweb.org\/wp-content\/uploads\/2025\/01\/4300580-768x768.jpg 768w, https:\/\/2025.latetedansleweb.org\/wp-content\/uploads\/2025\/01\/4300580-1536x1536.jpg 1536w, https:\/\/2025.latetedansleweb.org\/wp-content\/uploads\/2025\/01\/4300580.jpg 2000w\" sizes=\"auto, (max-width: 1024px) 100vw, 1024px\" \/><\/figure><div class=\"wp-block-media-text__content\">\n<h3 class=\"wp-block-heading\"><strong>Cours th\u00e9oriques<\/strong><\/h3>\n\n\n\n<h4 class=\"wp-block-heading enseignants-h4\" style=\"font-size:clamp(0.984rem, 0.984rem + ((1vw - 0.2rem) * 0.645), 1.5rem);\"><span>Val\u00e9rie Croissant : \u00c9conomie politique du num\u00e9rique<\/span><\/h4>\n\n\n\n<p>Val\u00e9rie Croissant, ma\u00eetresse de conf\u00e9rence \u00e0 l\u2019Universit\u00e9 Lumi\u00e8re Lyon 2 et responsable p\u00e9dagogique du master, apporte une r\u00e9flexion th\u00e9orique sur les <strong>pratiques num\u00e9riques<\/strong> et nous forme \u00e0 d\u00e9velopper un regard critique. Membre de l\u2019Elico (\u00e9quipe de recherche de Lyon en sciences de l\u2019information et de la communication), elle \u00e9tudie les mutations des m\u00e9dias num\u00e9riques et du journalisme.<\/p>\n\n\n\n<h4 class=\"wp-block-heading enseignants-h4\" style=\"font-size:clamp(0.984rem, 0.984rem + ((1vw - 0.2rem) * 0.645), 1.5rem);\"><span>Samuel Goyet : Formes et Formats du Web<\/span><\/h4>\n\n\n\n<p>Enseignant-chercheur et ma\u00eetre de conf\u00e9rence \u00e0 l\u2019ICOM (Laboratoire Elico), Samuel Goyet intervient sur les dimensions th\u00e9oriques et m\u00e9thodologiques de la communication et des sciences de l\u2019information. Il propose un \u00e9clairage acad\u00e9mique sur les enjeux contemporains de la <strong>communication<\/strong>. Cette ann\u00e9e, nous avons explor\u00e9 le concept des \u00ab\u00a0vid\u00e9os r\u00e9action\u00a0\u00bb en en produisant une nous-m\u00eames.<\/p>\n<\/div><\/div>\n\n\n\n<div class=\"wp-block-media-text has-media-on-the-right is-stacked-on-mobile\"><div class=\"wp-block-media-text__content\">\n<h3 class=\"wp-block-heading\"><strong>Diffusion et valorisation<\/strong><\/h3>\n\n\n\n<h4 class=\"wp-block-heading enseignants-h4\" style=\"font-size:clamp(0.984rem, 0.984rem + ((1vw - 0.2rem) * 0.645), 1.5rem);\"><span>Laure Guillot : Conf\u00e9rences m\u00e9tiers du web<\/span><\/h4>\n\n\n\n<p>Laure Guillot, docteure en Sciences de l\u2019Information et de la Communication (SIC) et membre du laboratoire Elico, enseigne les dynamiques des m\u00e9dias, des publics et des dispositifs num\u00e9riques. Sous sa direction, nous avons organis\u00e9 en novembre 2024 une table ronde autour du <strong>num\u00e9rique responsable.<\/strong><\/p>\n\n\n\n<h4 class=\"wp-block-heading enseignants-h4\" style=\"font-size:clamp(0.984rem, 0.984rem + ((1vw - 0.2rem) * 0.645), 1.5rem);\"><span>Marc Roy\u00e8re : \u00c9ditorial et r\u00e9f\u00e9rencement<\/span><\/h4>\n\n\n\n<p style=\"margin-bottom:0;padding-bottom:0\">Marc Roy\u00e8re, chef de projet en<strong> r\u00e9f\u00e9rencement naturel (SEO)<\/strong> et payant (<strong>SEA<\/strong>) chez Moov-up, intervient sur les strat\u00e9gies digitales. Il forme les \u00e9tudiant.es aux techniques d\u2019<strong>optimisation<\/strong> de la visibilit\u00e9 en ligne, en leur transmettant des comp\u00e9tences pratiques adapt\u00e9es au march\u00e9.<\/p>\n<\/div><figure class=\"wp-block-media-text__media\"><img loading=\"lazy\" decoding=\"async\" width=\"1024\" height=\"1024\" src=\"http:\/\/2025.latetedansleweb.org\/wp-content\/uploads\/2025\/01\/4270278-1024x1024.jpg\" alt=\"\" class=\"wp-image-1956 size-full\" srcset=\"https:\/\/2025.latetedansleweb.org\/wp-content\/uploads\/2025\/01\/4270278-1024x1024.jpg 1024w, https:\/\/2025.latetedansleweb.org\/wp-content\/uploads\/2025\/01\/4270278-300x300.jpg 300w, https:\/\/2025.latetedansleweb.org\/wp-content\/uploads\/2025\/01\/4270278-150x150.jpg 150w, https:\/\/2025.latetedansleweb.org\/wp-content\/uploads\/2025\/01\/4270278-768x768.jpg 768w, https:\/\/2025.latetedansleweb.org\/wp-content\/uploads\/2025\/01\/4270278-1536x1536.jpg 1536w, https:\/\/2025.latetedansleweb.org\/wp-content\/uploads\/2025\/01\/4270278.jpg 2000w\" sizes=\"auto, (max-width: 1024px) 100vw, 1024px\" \/><\/figure><\/div>\n\n\n\n<div class=\"wp-block-media-text is-stacked-on-mobile\" style=\"grid-template-columns:40% auto\"><figure class=\"wp-block-media-text__media\"><img loading=\"lazy\" decoding=\"async\" width=\"1024\" height=\"1024\" src=\"http:\/\/2025.latetedansleweb.org\/wp-content\/uploads\/2025\/01\/4401280-1024x1024.jpg\" alt=\"\" class=\"wp-image-1958 size-full\" srcset=\"https:\/\/2025.latetedansleweb.org\/wp-content\/uploads\/2025\/01\/4401280-1024x1024.jpg 1024w, https:\/\/2025.latetedansleweb.org\/wp-content\/uploads\/2025\/01\/4401280-300x300.jpg 300w, https:\/\/2025.latetedansleweb.org\/wp-content\/uploads\/2025\/01\/4401280-150x150.jpg 150w, https:\/\/2025.latetedansleweb.org\/wp-content\/uploads\/2025\/01\/4401280-768x768.jpg 768w, https:\/\/2025.latetedansleweb.org\/wp-content\/uploads\/2025\/01\/4401280-1536x1536.jpg 1536w, https:\/\/2025.latetedansleweb.org\/wp-content\/uploads\/2025\/01\/4401280.jpg 2000w\" sizes=\"auto, (max-width: 1024px) 100vw, 1024px\" \/><\/figure><div class=\"wp-block-media-text__content\">\n<h3 class=\"wp-block-heading\"><strong>Langue<\/strong><\/h3>\n\n\n\n<h4 class=\"wp-block-heading enseignants-h4\" style=\"font-size:clamp(0.984rem, 0.984rem + ((1vw - 0.2rem) * 0.645), 1.5rem);\"><span>Seamus Kearney : Anglais de sp\u00e9cialit\u00e9<\/span><\/h4>\n\n\n\n<p>Seamus Kearney, journaliste et correspondant international, partage son exp\u00e9rience du terrain dans le cadre de cours ax\u00e9s sur le journalisme et les m\u00e9dias globaux. Il offre des perspectives concr\u00e8tes sur la narration, les reportages et les enjeux de la presse dans un contexte mondial.<\/p>\n<\/div><\/div>\n","protected":false},"excerpt":{"rendered":"<p>LES ENSEIGNANTS Les enseignants dispensant des cours en Master GECI Nous vous invitons \u00e0 d\u00e9couvrir ceux qui vous accompagneront tout au long du Master GECI : des enseignant.es passionn\u00e9.es aux profils compl\u00e9mentaires. Leur objectif ? Vous transmettre non seulement des connaissances acad\u00e9miques, mais aussi des comp\u00e9tences directement applicables dans le monde professionnel. Voici leurs parcours [&hellip;]<\/p>\n","protected":false},"author":2,"featured_media":0,"parent":0,"menu_order":0,"comment_status":"closed","ping_status":"closed","template":"","meta":{"_seopress_robots_primary_cat":"","_seopress_titles_title":"","_seopress_titles_desc":"","_seopress_robots_index":"","inline_featured_image":false,"footnotes":""},"class_list":["post-28","page","type-page","status-publish","hentry"],"blocksy_meta":[],"_links":{"self":[{"href":"https:\/\/2025.latetedansleweb.org\/index.php\/wp-json\/wp\/v2\/pages\/28","targetHints":{"allow":["GET"]}}],"collection":[{"href":"https:\/\/2025.latetedansleweb.org\/index.php\/wp-json\/wp\/v2\/pages"}],"about":[{"href":"https:\/\/2025.latetedansleweb.org\/index.php\/wp-json\/wp\/v2\/types\/page"}],"author":[{"embeddable":true,"href":"https:\/\/2025.latetedansleweb.org\/index.php\/wp-json\/wp\/v2\/users\/2"}],"replies":[{"embeddable":true,"href":"https:\/\/2025.latetedansleweb.org\/index.php\/wp-json\/wp\/v2\/comments?post=28"}],"version-history":[{"count":90,"href":"https:\/\/2025.latetedansleweb.org\/index.php\/wp-json\/wp\/v2\/pages\/28\/revisions"}],"predecessor-version":[{"id":2962,"href":"https:\/\/2025.latetedansleweb.org\/index.php\/wp-json\/wp\/v2\/pages\/28\/revisions\/2962"}],"wp:attachment":[{"href":"https:\/\/2025.latetedansleweb.org\/index.php\/wp-json\/wp\/v2\/media?parent=28"}],"curies":[{"name":"wp","href":"https:\/\/api.w.org\/{rel}","templated":true}]}}