{"id":26,"date":"2024-12-26T22:03:56","date_gmt":"2024-12-26T21:03:56","guid":{"rendered":"https:\/\/2025.latetedansleweb.org\/wordpress\/?page_id=26"},"modified":"2025-01-30T13:16:20","modified_gmt":"2025-01-30T12:16:20","slug":"les-cours","status":"publish","type":"page","link":"https:\/\/2025.latetedansleweb.org\/index.php\/les-cours\/","title":{"rendered":"Les cours"},"content":{"rendered":"\n<h1 class=\"wp-block-heading evenements_h1\">LES COURS<\/h1>\n\n\n\n<h2 class=\"wp-block-heading\"><strong>Programme<\/strong><\/h2>\n\n\n\n<p>Les cours du master GECI (<strong>Gestion \u00e9ditoriale et communication internet )<\/strong>, s&rsquo;adressent aux \u00e9tudiant.es d\u00e9sireux.ses d\u2019acqu\u00e9rir une expertise approfondie en communication num\u00e9rique et \u00e9ditoriale. Ce programme vise \u00e0 former des professionnel.les capables de concevoir, d\u00e9velopper et g\u00e9rer des projets digitaux innovants, tout en valorisant les contenus informationnels dans le cadre d\u2019une strat\u00e9gie de communication globale.<\/p>\n\n\n\n<div class=\"wp-block-columns is-layout-flex wp-container-core-columns-is-layout-2 wp-block-columns-is-layout-flex\">\n<div class=\"wp-block-column is-layout-flow wp-block-column-is-layout-flow\">\n<div class=\"wp-block-columns is-layout-flex wp-container-core-columns-is-layout-1 wp-block-columns-is-layout-flex\">\n<div class=\"wp-block-column is-layout-flow wp-block-column-is-layout-flow\">\n<h2 class=\"wp-block-heading has-text-align-center has-medium-font-size\"><strong>Semestre 1<\/strong><\/h2>\n\n\n\n<ul class=\"wp-block-list has-small-font-size\">\n<li class=\"has-small-font-size\"><strong>UE- FONDAMENTAUX DES SIC<\/strong><\/li>\n\n\n\n<li class=\"has-small-font-size\"><strong>UE-QUESTIONS CONTEMPORAINES DE LA COMMUNICATION<\/strong><\/li>\n\n\n\n<li><strong>UE-INDUSTRIE M\u00c9DIATIQUES EN MUTATION<\/strong><\/li>\n\n\n\n<li><strong>UE-METHOD PRATIQ RECHCH<\/strong><\/li>\n\n\n\n<li><strong>UE- LANGUE ET TECHNIQUES PROFESSIONNELLES<\/strong><\/li>\n<\/ul>\n<\/div>\n<\/div>\n<\/div>\n\n\n\n<div class=\"wp-block-column is-layout-flow wp-block-column-is-layout-flow\">\n<h2 class=\"wp-block-heading has-text-align-center has-medium-font-size\"><strong>Semestre 2<\/strong><\/h2>\n\n\n\n<ul class=\"wp-block-list has-small-font-size\">\n<li><strong>UE-LANGUES ET TECHNIQUES PROFESSIONNELLES<\/strong><\/li>\n\n\n\n<li><strong>UE- MEDIATION, DOCUMENTS ET MEDIATISATION<\/strong><\/li>\n\n\n\n<li><strong>UE-METHODE ET PRATIQUE DE LA RECHERCHE<\/strong><\/li>\n\n\n\n<li class=\"has-small-font-size\"><strong>UE-PROJET ET SITUATION PROFESSIONNELLE<\/strong><\/li>\n<\/ul>\n<\/div>\n\n\n\n<div class=\"wp-block-column is-layout-flow wp-block-column-is-layout-flow\">\n<h2 class=\"wp-block-heading has-text-align-center has-medium-font-size\"><strong>Semestre 3<\/strong><\/h2>\n\n\n\n<ul class=\"wp-block-list has-small-font-size\">\n<li><strong>UE-ANALYSE,CONSEIL ET STRATEGIE<\/strong><\/li>\n\n\n\n<li><strong>UE-APPROCHES CONTEMPORAINES DES SIC<\/strong><\/li>\n\n\n\n<li><strong>UE-CONCEPTION ET PRODUCTION<\/strong><\/li>\n\n\n\n<li><strong>UE-DIFFUSION ET VALORISATION<\/strong><\/li>\n\n\n\n<li><strong>UE-LANGUE ET TECHNIQUES PROFESSIONNELLES<\/strong><\/li>\n<\/ul>\n<\/div>\n\n\n\n<div class=\"wp-block-column is-layout-flow wp-block-column-is-layout-flow\">\n<h2 class=\"wp-block-heading has-text-align-center has-medium-font-size\"><strong>Semestre 4<\/strong><\/h2>\n\n\n\n<ul class=\"wp-block-list has-small-font-size\">\n<li><strong>UE-PROJET WEB COMMANDITE<\/strong><\/li>\n\n\n\n<li><strong>UE-PROJET WEBZINE COLLECTIF<\/strong><\/li>\n\n\n\n<li><strong>UE-STAGE ET MEMOIRE<\/strong><\/li>\n<\/ul>\n<\/div>\n<\/div>\n\n\n\n<h2 class=\"wp-block-heading\"><strong>Organisation<\/strong><\/h2>\n\n\n\n<p>Le Master GECI (Gestion \u00c9ditoriale et Communication Internet) de l\u2019Universit\u00e9 Lumi\u00e8re Lyon 2 offre bien plus qu\u2019une formation acad\u00e9mique : il ouvre les portes de l\u2019immersion professionnelle gr\u00e2ce \u00e0 un \u00e9quilibre parfait entre th\u00e9orie et pratique. \u00c0 travers des stages et des alternances, les \u00e9tudiants acqui\u00e8rent des comp\u00e9tences concr\u00e8tes et vari\u00e9es, adapt\u00e9es aux exigences du num\u00e9rique. D\u00e9couvrez comment ce cursus professionnalisant fa\u00e7onne des experts de la communication digitale, pr\u00eats \u00e0 relever les d\u00e9fis du march\u00e9.<\/p>\n\n\n\n<div class=\"wp-block-columns is-layout-flex wp-container-core-columns-is-layout-3 wp-block-columns-is-layout-flex\">\n<div class=\"wp-block-column is-vertically-aligned-center is-layout-flow wp-block-column-is-layout-flow\">\n<p class=\"has-text-align-center has-black-color has-palette-color-2-background-color has-text-color has-background has-link-color wp-elements-4377de27a05c80e497d7b79cc9fd936e\" style=\"border-width:1px;border-radius:14px;padding-top:var(--wp--preset--spacing--30);padding-right:var(--wp--preset--spacing--30);padding-bottom:var(--wp--preset--spacing--30);padding-left:var(--wp--preset--spacing--30);font-size:clamp(15.747px, 0.984rem + ((1vw - 3.2px) * 0.645), 24px);\"><a href=\"https:\/\/2025.latetedansleweb.org\/index.php\/2025\/01\/27\/plongee-au-coeur-de-la-professionnalisation-avec-le-master-geci\/\" data-type=\"post\" data-id=\"2583\"><strong>&nbsp;Plong\u00e9e au c\u0153ur de la professionnalisation avec le Master GECI<\/strong><\/a><\/p>\n<\/div>\n<\/div>\n\n\n\n<p><\/p>\n","protected":false},"excerpt":{"rendered":"<p>LES COURS Programme Les cours du master GECI (Gestion \u00e9ditoriale et communication internet ), s&rsquo;adressent aux \u00e9tudiant.es d\u00e9sireux.ses d\u2019acqu\u00e9rir une expertise approfondie en communication num\u00e9rique et \u00e9ditoriale. Ce programme vise \u00e0 former des professionnel.les capables de concevoir, d\u00e9velopper et g\u00e9rer des projets digitaux innovants, tout en valorisant les contenus informationnels dans le cadre d\u2019une strat\u00e9gie [&hellip;]<\/p>\n","protected":false},"author":2,"featured_media":0,"parent":0,"menu_order":0,"comment_status":"closed","ping_status":"closed","template":"","meta":{"_seopress_robots_primary_cat":"","_seopress_titles_title":"","_seopress_titles_desc":"","_seopress_robots_index":"","inline_featured_image":false,"footnotes":""},"class_list":["post-26","page","type-page","status-publish","hentry"],"blocksy_meta":[],"_links":{"self":[{"href":"https:\/\/2025.latetedansleweb.org\/index.php\/wp-json\/wp\/v2\/pages\/26","targetHints":{"allow":["GET"]}}],"collection":[{"href":"https:\/\/2025.latetedansleweb.org\/index.php\/wp-json\/wp\/v2\/pages"}],"about":[{"href":"https:\/\/2025.latetedansleweb.org\/index.php\/wp-json\/wp\/v2\/types\/page"}],"author":[{"embeddable":true,"href":"https:\/\/2025.latetedansleweb.org\/index.php\/wp-json\/wp\/v2\/users\/2"}],"replies":[{"embeddable":true,"href":"https:\/\/2025.latetedansleweb.org\/index.php\/wp-json\/wp\/v2\/comments?post=26"}],"version-history":[{"count":25,"href":"https:\/\/2025.latetedansleweb.org\/index.php\/wp-json\/wp\/v2\/pages\/26\/revisions"}],"predecessor-version":[{"id":2961,"href":"https:\/\/2025.latetedansleweb.org\/index.php\/wp-json\/wp\/v2\/pages\/26\/revisions\/2961"}],"wp:attachment":[{"href":"https:\/\/2025.latetedansleweb.org\/index.php\/wp-json\/wp\/v2\/media?parent=26"}],"curies":[{"name":"wp","href":"https:\/\/api.w.org\/{rel}","templated":true}]}}