{"id":24,"date":"2024-12-26T22:05:02","date_gmt":"2024-12-26T21:05:02","guid":{"rendered":"https:\/\/2025.latetedansleweb.org\/wordpress\/?page_id=24"},"modified":"2025-01-30T14:24:56","modified_gmt":"2025-01-30T13:24:56","slug":"presentation-du-master-geci","status":"publish","type":"page","link":"https:\/\/2025.latetedansleweb.org\/index.php\/presentation-du-master-geci\/","title":{"rendered":"Pr\u00e9sentation du Master GECI"},"content":{"rendered":"\n<div class=\"wp-block-media-text is-stacked-on-mobile is-vertically-aligned-top\" style=\"grid-template-columns:18% auto\"><figure class=\"wp-block-media-text__media\"><img loading=\"lazy\" decoding=\"async\" width=\"341\" height=\"350\" src=\"http:\/\/2025.latetedansleweb.org\/wp-content\/uploads\/2024\/12\/logo.png\" alt=\"\" class=\"wp-image-60 size-full\" srcset=\"https:\/\/2025.latetedansleweb.org\/wp-content\/uploads\/2024\/12\/logo.png 341w, https:\/\/2025.latetedansleweb.org\/wp-content\/uploads\/2024\/12\/logo-292x300.png 292w\" sizes=\"auto, (max-width: 341px) 100vw, 341px\" \/><\/figure><div class=\"wp-block-media-text__content\">\n<h2 class=\"wp-block-heading\"><strong>Le master GECI<\/strong><\/h2>\n\n\n\n<p>Le master GECI vous offrent les cl\u00e9s pour devenir un expert digital: strat\u00e9gies, cr\u00e9ativit\u00e9 et outils web, tout pour exceller dans la communication num\u00e9rique et \u00e9ditorial<\/p>\n<\/div><\/div>\n\n\n\n<h1 class=\"wp-block-heading evenements_h1\">PR\u00c9SENTATION<\/h1>\n\n\n\n<h2 class=\"wp-block-heading\"><strong>Pr\u00e9sentation de l&rsquo;ICOM<\/strong><\/h2>\n\n\n\n<div class=\"wp-block-columns is-layout-flex wp-container-core-columns-is-layout-1 wp-block-columns-is-layout-flex\">\n<div class=\"wp-block-column is-layout-flow wp-block-column-is-layout-flow\">\n<p>L&rsquo;institut de la communication (ICOM) de l&rsquo;Universit\u00e9 Lumi\u00e8re Lyon 2 est une composante universitaire d\u00e9di\u00e9e \u00e0 la formation et \u00e0 la recherche dans les domaines de la communication, des m\u00e9dias et des industries cr\u00e9atives et culturelles. Cet institut se distingue par son approche pluridisciplinaire, m\u00ealant th\u00e9orie et pratique, et par son ambition de former des professionnels et des chercheurs aptes \u00e0 appr\u00e9hender les enjeux contemporains de la communication dans un monde en constante \u00e9volution.<\/p>\n<\/div>\n\n\n\n<div class=\"wp-block-column is-layout-flow wp-block-column-is-layout-flow\">\n<figure class=\"wp-block-image size-full\"><img loading=\"lazy\" decoding=\"async\" width=\"768\" height=\"328\" src=\"http:\/\/2025.latetedansleweb.org\/wp-content\/uploads\/2025\/01\/livre_11-e1736958646837.png\" alt=\"\" class=\"wp-image-1362\" srcset=\"https:\/\/2025.latetedansleweb.org\/wp-content\/uploads\/2025\/01\/livre_11-e1736958646837.png 768w, https:\/\/2025.latetedansleweb.org\/wp-content\/uploads\/2025\/01\/livre_11-e1736958646837-300x128.png 300w\" sizes=\"auto, (max-width: 768px) 100vw, 768px\" \/><\/figure>\n<\/div>\n<\/div>\n\n\n\n<div class=\"wp-block-columns is-layout-flex wp-container-core-columns-is-layout-2 wp-block-columns-is-layout-flex\">\n<div class=\"wp-block-column is-layout-flow wp-block-column-is-layout-flow\"><\/div>\n\n\n\n<div class=\"wp-block-column is-layout-flow wp-block-column-is-layout-flow\">\n<p class=\"has-text-align-center has-black-color has-palette-color-2-background-color has-text-color has-background has-link-color\" style=\"border-width:1px;border-radius:14px;padding-top:var(--wp--preset--spacing--30);padding-right:var(--wp--preset--spacing--30);padding-bottom:var(--wp--preset--spacing--30);padding-left:var(--wp--preset--spacing--30)\"><strong> <a href=\"https:\/\/2025.latetedansleweb.org\/index.php\/nos-competences\/\" data-type=\"post\" data-id=\"2578\">D\u00e9couvrez plus d&rsquo;informations<\/a><\/strong><\/p>\n<\/div>\n\n\n\n<div class=\"wp-block-column is-layout-flow wp-block-column-is-layout-flow\"><\/div>\n<\/div>\n\n\n\n<h2 class=\"wp-block-heading\"><strong>Pr\u00e9sentation du master GECI<\/strong><\/h2>\n\n\n\n<p>Le master Geci de Lyon 2 forme des experts en communication num\u00e9rique et gestion \u00e9ditoriale gr\u00e2ce \u00e0 une approche professionnalisante et innovante. D\u00e9couvrez ses atouts et d\u00e9bouch\u00e9s.<\/p>\n\n\n\n<div class=\"wp-block-columns is-layout-flex wp-container-core-columns-is-layout-3 wp-block-columns-is-layout-flex\">\n<div class=\"wp-block-column is-layout-flow wp-block-column-is-layout-flow\"><\/div>\n\n\n\n<div class=\"wp-block-column is-layout-flow wp-block-column-is-layout-flow\">\n<p class=\"has-text-align-center has-black-color has-palette-color-2-background-color has-text-color has-background has-link-color\" style=\"border-width:1px;border-radius:14px;padding-top:var(--wp--preset--spacing--30);padding-right:var(--wp--preset--spacing--30);padding-bottom:var(--wp--preset--spacing--30);padding-left:var(--wp--preset--spacing--30)\"><strong> <a href=\"https:\/\/2025.latetedansleweb.org\/index.php\/2025\/01\/17\/le-master-geci-de-lyon-2-un-tremplin-vers-lexpertise-numerique-et-communicationnelle\/\" data-type=\"post\" data-id=\"2578\">D\u00e9couvrez plus d&rsquo;informations<\/a><\/strong><\/p>\n<\/div>\n\n\n\n<div class=\"wp-block-column is-layout-flow wp-block-column-is-layout-flow\"><\/div>\n<\/div>\n\n\n\n<h1 class=\"wp-block-heading evenements_h1\">Modalit\u00e9s d&rsquo;admissions<\/h1>\n\n\n\n<p><strong>Quels sont les comp\u00e9tence \u00e0 avoir pour int\u00e9grer le master ?<\/strong><\/p>\n\n\n\n<div class=\"wp-block-columns is-layout-flex wp-container-core-columns-is-layout-4 wp-block-columns-is-layout-flex\">\n<div class=\"wp-block-column is-layout-flow wp-block-column-is-layout-flow\">\n<p class=\"has-text-align-center has-black-color has-palette-color-2-background-color has-text-color has-background has-link-color wp-elements-d533b11dfc3f410b45869e545bb59845\" style=\"border-width:1px;border-radius:14px;padding-top:var(--wp--preset--spacing--30);padding-right:var(--wp--preset--spacing--30);padding-bottom:var(--wp--preset--spacing--30);padding-left:var(--wp--preset--spacing--30)\"><strong>D\u00e9couvrez <a href=\"https:\/\/2025.latetedansleweb.org\/index.php\/nos-competences\/\" data-type=\"post\" data-id=\"2578\">Les comp\u00e9tences des \u00e9tudiants en Master GECI<\/a><\/strong><\/p>\n<\/div>\n<\/div>\n\n\n\n<h2 class=\"wp-block-heading\">Le Master GECI 1<\/h2>\n\n\n\n<div class=\"wp-block-columns is-layout-flex wp-container-core-columns-is-layout-5 wp-block-columns-is-layout-flex\">\n<div class=\"wp-block-column is-vertically-aligned-center is-layout-flow wp-block-column-is-layout-flow\">\n<figure class=\"wp-block-image size-large\"><img loading=\"lazy\" decoding=\"async\" width=\"1024\" height=\"768\" src=\"https:\/\/2025.latetedansleweb.org\/wp-content\/uploads\/2025\/01\/20231219_115722-1024x768.jpg\" alt=\"\" class=\"wp-image-3013\" srcset=\"https:\/\/2025.latetedansleweb.org\/wp-content\/uploads\/2025\/01\/20231219_115722-1024x768.jpg 1024w, https:\/\/2025.latetedansleweb.org\/wp-content\/uploads\/2025\/01\/20231219_115722-300x225.jpg 300w, https:\/\/2025.latetedansleweb.org\/wp-content\/uploads\/2025\/01\/20231219_115722-768x576.jpg 768w, https:\/\/2025.latetedansleweb.org\/wp-content\/uploads\/2025\/01\/20231219_115722-1536x1152.jpg 1536w, https:\/\/2025.latetedansleweb.org\/wp-content\/uploads\/2025\/01\/20231219_115722-2048x1536.jpg 2048w\" sizes=\"auto, (max-width: 1024px) 100vw, 1024px\" \/><\/figure>\n<\/div>\n\n\n\n<div class=\"wp-block-column is-layout-flow wp-block-column-is-layout-flow\">\n<p>La premi\u00e8re ann\u00e9e du master pose les bases th\u00e9oriques et pratiques n\u00e9cessaires pour comprendre les enjeux actuels de la communication num\u00e9rique. Les \u00e9tudiant.es commencent par se familiariser avec les&nbsp;<strong>fondamentaux des sciences de l\u2019information et de la communication (SIC)<\/strong>. Ce module se d\u00e9cline en deux mati\u00e8res : fondamentaux<em>&nbsp;de la communication<\/em>, pour ma\u00eetriser les concepts-cl\u00e9s de la discipline,fondamentaux appliqu\u00e9s, permettant d\u2019explorer des cas concrets.<\/p>\n\n\n\n<p>A travers l\u2019unit\u00e9 d\u2019enseignement question contemporaine de la communication, les \u00e9tudiants auront des mati\u00e8res vari\u00e9es telles que&nbsp; : regards th\u00e9oriques appliqu\u00e9s, pour analyser les enjeux actuels \u00e0 partir de cadres th\u00e9oriques, pratiques, publics et usages, une \u00e9tude des interactions entre les acteurs num\u00e9riques, information, connaissance et soci\u00e9t\u00e9, pour comprendre les transformations sociales li\u00e9es \u00e0 la communication num\u00e9rique.En parall\u00e8le, le module&nbsp;<strong>Industries m\u00e9diatiques&nbsp;<\/strong>initie les \u00e9tudiant.es aux transformations des secteurs culturels et num\u00e9riques \u00e0&nbsp; travers les mati\u00e8res comme : industries culturelles et num\u00e9riques qui est un cours sur les \u00e9volutions des m\u00e9dias traditionnels et digitaux, innovation et nouveaux dispositifs de m\u00e9diation num\u00e9riqu<em>e<\/em>&nbsp;et design de communication.<\/p>\n<\/div>\n<\/div>\n\n\n\n<div class=\"wp-block-columns is-layout-flex wp-container-core-columns-is-layout-6 wp-block-columns-is-layout-flex\">\n<div class=\"wp-block-column is-layout-flow wp-block-column-is-layout-flow\">\n<p>L\u2019unit\u00e9 d\u2019enseignement, intitul\u00e9&nbsp;<strong>M\u00e9thodologie et pratiques de recherche<\/strong>, inclut des cours comme : d\u00e9marches d\u2019\u00e9tude et de recherche en SIC, une initiation aux approches scientifiques,des ateliers de recherche et d\u2019observation, pour apprendre \u00e0 collecter et analyser des donn\u00e9es,m\u00e9thodes de la recherche documentaire.<\/p>\n\n\n\n<p>Dans le cadre de l\u2019<strong>Accompagnement \u00e0 la professionnalisation<\/strong>, les \u00e9tudiant.es b\u00e9n\u00e9ficient de cours d\u2019<em>anglais<\/em>&nbsp;adapt\u00e9s au domaine professionnel.<strong>&nbsp;<\/strong>Tout au long de l\u2019ann\u00e9e, les \u00e9tudiant.es participent \u00e0 des projets concrets via des modules tels que&nbsp;<strong>le Junior Lab&nbsp;<\/strong>et l\u2019organisation d\u2019une&nbsp;<strong>conf\u00e9rence dans le cadre du cours m\u00e9tiers du web.<\/strong>&nbsp;Ces derniers offrent une immersion pratique dans des contextes professionnels et pr\u00e9parent \u00e0 la gestion d\u2019\u00e9quipes.<\/p>\n<\/div>\n\n\n\n<div class=\"wp-block-column is-vertically-aligned-center is-layout-flow wp-block-column-is-layout-flow\">\n<figure class=\"wp-block-image aligncenter size-large\"><img loading=\"lazy\" decoding=\"async\" width=\"1024\" height=\"513\" src=\"https:\/\/2025.latetedansleweb.org\/wp-content\/uploads\/2025\/01\/Personnes-1-2-1024x513.png\" alt=\"\" class=\"wp-image-3012\" srcset=\"https:\/\/2025.latetedansleweb.org\/wp-content\/uploads\/2025\/01\/Personnes-1-2-1024x513.png 1024w, https:\/\/2025.latetedansleweb.org\/wp-content\/uploads\/2025\/01\/Personnes-1-2-300x150.png 300w, https:\/\/2025.latetedansleweb.org\/wp-content\/uploads\/2025\/01\/Personnes-1-2-768x384.png 768w, https:\/\/2025.latetedansleweb.org\/wp-content\/uploads\/2025\/01\/Personnes-1-2-1536x769.png 1536w, https:\/\/2025.latetedansleweb.org\/wp-content\/uploads\/2025\/01\/Personnes-1-2-2048x1025.png 2048w\" sizes=\"auto, (max-width: 1024px) 100vw, 1024px\" \/><\/figure>\n<\/div>\n<\/div>\n\n\n\n<h2 class=\"wp-block-heading\">Le Master GECI 2<\/h2>\n\n\n\n<div class=\"wp-block-columns is-layout-flex wp-container-core-columns-is-layout-7 wp-block-columns-is-layout-flex\">\n<div class=\"wp-block-column is-vertically-aligned-center is-layout-flow wp-block-column-is-layout-flow\">\n<figure class=\"wp-block-image aligncenter size-large is-resized\"><img loading=\"lazy\" decoding=\"async\" width=\"1024\" height=\"773\" src=\"https:\/\/2025.latetedansleweb.org\/wp-content\/uploads\/2025\/01\/personne-ordi-1-1024x773.png\" alt=\"\" class=\"wp-image-3015\" style=\"width:426px;height:auto\" srcset=\"https:\/\/2025.latetedansleweb.org\/wp-content\/uploads\/2025\/01\/personne-ordi-1-1024x773.png 1024w, https:\/\/2025.latetedansleweb.org\/wp-content\/uploads\/2025\/01\/personne-ordi-1-300x226.png 300w, https:\/\/2025.latetedansleweb.org\/wp-content\/uploads\/2025\/01\/personne-ordi-1-768x579.png 768w, https:\/\/2025.latetedansleweb.org\/wp-content\/uploads\/2025\/01\/personne-ordi-1-1536x1159.png 1536w, https:\/\/2025.latetedansleweb.org\/wp-content\/uploads\/2025\/01\/personne-ordi-1-2048x1545.png 2048w\" sizes=\"auto, (max-width: 1024px) 100vw, 1024px\" \/><\/figure>\n<\/div>\n\n\n\n<div class=\"wp-block-column is-layout-flow wp-block-column-is-layout-flow\">\n<p>Dans cette deuxi\u00e8me ann\u00e9e de master, les \u00e9tudiant.es approfondissent leurs connaissances gr\u00e2ce \u00e0 des mati\u00e8res telles que : m\u00e9thodologie et gestion de projet, pour structurer efficacement des projets digitaux, strat\u00e9gie de communication, qui enseigne l\u2019\u00e9laboration de plans de communication complets, conception \u00e9ditoriale et Web design, pour cr\u00e9er des contenus visuellement et strat\u00e9giquement impactants, pratiques et usages des r\u00e9seaux sociaux num\u00e9riques (RSN) qui est&nbsp; un focus sur les strat\u00e9gies sur les plateformes sociales.<\/p>\n\n\n\n<p>L\u2019<strong>initiation au webmarketing<\/strong>\u00a0et \u00e0 la strat\u00e9gie de r\u00e9f\u00e9rencement permet aux \u00e9tudiant.es d\u2019optimiser la visibilit\u00e9 des contenus num\u00e9riques, tout en d\u00e9veloppant une expertise en SEO\/SEA.<strong>\u00a0<\/strong>Les \u00e9tudiant.es participent \u00e0 des projets innovants comme la r\u00e9alisation d\u2019un webzine et\u00a0<strong>l\u2019organisation d\u2019une conf\u00e9rence sur les m\u00e9tiers du web<\/strong>, qui renforcent leurs comp\u00e9tences organisationnelles et strat\u00e9giques. <\/p>\n<\/div>\n<\/div>\n\n\n\n<div class=\"wp-block-columns is-layout-flex wp-container-core-columns-is-layout-8 wp-block-columns-is-layout-flex\">\n<div class=\"wp-block-column is-layout-flow wp-block-column-is-layout-flow\">\n<p>La formation se termine par un stage obligatoire et la r\u00e9daction d\u2019un m\u00e9moire. Les \u00e9tudiant.es ont le choix entre un m\u00e9moire de recherche ou un m\u00e9moire d\u2019\u00e9tudes appliqu\u00e9es, leur permettant de combiner r\u00e9flexion th\u00e9orique et analyse pratique.<\/p>\n\n\n\n<p>Avec une approche \u00e9quilibr\u00e9e entre th\u00e9orie, pratique et professionnalisation, le&nbsp;<strong>Master GECI&nbsp;<\/strong>offre une pr\u00e9paration solide aux m\u00e9tiers du num\u00e9rique. Les dipl\u00f4m\u00e9\u00b7es sont ainsi parfaitement outill\u00e9\u00b7es pour \u00e9voluer dans un environnement en constante mutation et r\u00e9pondre aux besoins croissants des entreprises en mati\u00e8re de communication digitale.<\/p>\n<\/div>\n\n\n\n<div class=\"wp-block-column is-vertically-aligned-center is-layout-flow wp-block-column-is-layout-flow\">\n<figure class=\"wp-block-image aligncenter size-full is-resized\"><img loading=\"lazy\" decoding=\"async\" width=\"447\" height=\"360\" src=\"http:\/\/2025.latetedansleweb.org\/wp-content\/uploads\/2025\/01\/petite-fille8-2-e1738243426716.png\" alt=\"\" class=\"wp-image-1152\" style=\"width:328px;height:auto\" srcset=\"https:\/\/2025.latetedansleweb.org\/wp-content\/uploads\/2025\/01\/petite-fille8-2-e1738243426716.png 447w, https:\/\/2025.latetedansleweb.org\/wp-content\/uploads\/2025\/01\/petite-fille8-2-e1738243426716-300x242.png 300w\" sizes=\"auto, (max-width: 447px) 100vw, 447px\" \/><\/figure>\n<\/div>\n<\/div>\n\n\n\n<div style=\"height:100px\" aria-hidden=\"true\" class=\"wp-block-spacer\"><\/div>\n\n\n\n<p><\/p>\n","protected":false},"excerpt":{"rendered":"<p>Le master GECI Le master GECI vous offrent les cl\u00e9s pour devenir un expert digital: strat\u00e9gies, cr\u00e9ativit\u00e9 et outils web, tout pour exceller dans la communication num\u00e9rique et \u00e9ditorial PR\u00c9SENTATION Pr\u00e9sentation de l&rsquo;ICOM L&rsquo;institut de la communication (ICOM) de l&rsquo;Universit\u00e9 Lumi\u00e8re Lyon 2 est une composante universitaire d\u00e9di\u00e9e \u00e0 la formation et \u00e0 la recherche [&hellip;]<\/p>\n","protected":false},"author":2,"featured_media":0,"parent":0,"menu_order":0,"comment_status":"closed","ping_status":"closed","template":"","meta":{"_seopress_robots_primary_cat":"","_seopress_titles_title":"","_seopress_titles_desc":"","_seopress_robots_index":"","inline_featured_image":false,"footnotes":""},"class_list":["post-24","page","type-page","status-publish","hentry"],"blocksy_meta":[],"_links":{"self":[{"href":"https:\/\/2025.latetedansleweb.org\/index.php\/wp-json\/wp\/v2\/pages\/24","targetHints":{"allow":["GET"]}}],"collection":[{"href":"https:\/\/2025.latetedansleweb.org\/index.php\/wp-json\/wp\/v2\/pages"}],"about":[{"href":"https:\/\/2025.latetedansleweb.org\/index.php\/wp-json\/wp\/v2\/types\/page"}],"author":[{"embeddable":true,"href":"https:\/\/2025.latetedansleweb.org\/index.php\/wp-json\/wp\/v2\/users\/2"}],"replies":[{"embeddable":true,"href":"https:\/\/2025.latetedansleweb.org\/index.php\/wp-json\/wp\/v2\/comments?post=24"}],"version-history":[{"count":101,"href":"https:\/\/2025.latetedansleweb.org\/index.php\/wp-json\/wp\/v2\/pages\/24\/revisions"}],"predecessor-version":[{"id":3018,"href":"https:\/\/2025.latetedansleweb.org\/index.php\/wp-json\/wp\/v2\/pages\/24\/revisions\/3018"}],"wp:attachment":[{"href":"https:\/\/2025.latetedansleweb.org\/index.php\/wp-json\/wp\/v2\/media?parent=24"}],"curies":[{"name":"wp","href":"https:\/\/api.w.org\/{rel}","templated":true}]}}